{"id":2587,"date":"2023-03-23T12:42:21","date_gmt":"2023-03-23T12:42:21","guid":{"rendered":"https:\/\/greenteam.ufec.cat\/news\/"},"modified":"2023-03-23T15:15:03","modified_gmt":"2023-03-23T15:15:03","slug":"news","status":"publish","type":"page","link":"https:\/\/greenteam.ufec.cat\/es\/news\/","title":{"rendered":"Noticias"},"content":{"rendered":"\t\t<div data-elementor-type=\"wp-page\" data-elementor-id=\"2587\" class=\"elementor elementor-2587 elementor-172\">\n\t\t\t\t\t\t\t\t\t<section class=\"elementor-section elementor-top-section elementor-element elementor-element-4e15ab6 elementor-section-full_width elementor-section-height-min-height elementor-section-items-top elementor-section-content-top elementor-reverse-tablet elementor-reverse-mobile elementor-section-height-default\" data-id=\"4e15ab6\" data-element_type=\"section\" data-settings=\"{&quot;background_background&quot;:&quot;classic&quot;}\">\n\t\t\t\t\t\t<div class=\"elementor-container elementor-column-gap-no\">\n\t\t\t\t\t<div class=\"elementor-column elementor-col-100 elementor-top-column elementor-element elementor-element-fd86f20\" data-id=\"fd86f20\" data-element_type=\"column\">\n\t\t\t<div class=\"elementor-widget-wrap elementor-element-populated\">\n\t\t\t\t\t\t\t\t<section class=\"elementor-section elementor-inner-section elementor-element elementor-element-487999f elementor-section-boxed elementor-section-height-default elementor-section-height-default\" data-id=\"487999f\" data-element_type=\"section\">\n\t\t\t\t\t\t<div class=\"elementor-container elementor-column-gap-default\">\n\t\t\t\t\t<div class=\"elementor-column elementor-col-100 elementor-inner-column elementor-element elementor-element-8852dc7\" data-id=\"8852dc7\" data-element_type=\"column\">\n\t\t\t<div class=\"elementor-widget-wrap elementor-element-populated\">\n\t\t\t\t\t\t\t\t<div class=\"elementor-element elementor-element-baa0e4f elementor-widget elementor-widget-heading\" data-id=\"baa0e4f\" data-element_type=\"widget\" data-widget_type=\"heading.default\">\n\t\t\t\t<div class=\"elementor-widget-container\">\n\t\t\t<style>\/*! elementor - v3.11.5 - 14-03-2023 *\/\n.elementor-heading-title{padding:0;margin:0;line-height:1}.elementor-widget-heading .elementor-heading-title[class*=elementor-size-]>a{color:inherit;font-size:inherit;line-height:inherit}.elementor-widget-heading .elementor-heading-title.elementor-size-small{font-size:15px}.elementor-widget-heading .elementor-heading-title.elementor-size-medium{font-size:19px}.elementor-widget-heading .elementor-heading-title.elementor-size-large{font-size:29px}.elementor-widget-heading .elementor-heading-title.elementor-size-xl{font-size:39px}.elementor-widget-heading .elementor-heading-title.elementor-size-xxl{font-size:59px}<\/style><h2 class=\"elementor-heading-title elementor-size-default\">NOTICIAS<\/h2>\t\t<\/div>\n\t\t\t\t<\/div>\n\t\t\t\t\t<\/div>\n\t\t<\/div>\n\t\t\t\t\t\t\t<\/div>\n\t\t<\/section>\n\t\t\t\t<div class=\"elementor-element elementor-element-dc89288 elementor-posts--align-left elementor-grid-3 elementor-grid-tablet-2 elementor-grid-mobile-1 elementor-posts--thumbnail-top elementor-widget elementor-widget-posts\" data-id=\"dc89288\" data-element_type=\"widget\" data-settings=\"{&quot;pagination_type&quot;:&quot;load_more_infinite_scroll&quot;,&quot;classic_columns&quot;:&quot;3&quot;,&quot;classic_columns_tablet&quot;:&quot;2&quot;,&quot;classic_columns_mobile&quot;:&quot;1&quot;,&quot;classic_row_gap&quot;:{&quot;unit&quot;:&quot;px&quot;,&quot;size&quot;:35,&quot;sizes&quot;:[]},&quot;classic_row_gap_tablet&quot;:{&quot;unit&quot;:&quot;px&quot;,&quot;size&quot;:&quot;&quot;,&quot;sizes&quot;:[]},&quot;classic_row_gap_mobile&quot;:{&quot;unit&quot;:&quot;px&quot;,&quot;size&quot;:&quot;&quot;,&quot;sizes&quot;:[]},&quot;load_more_spinner&quot;:{&quot;value&quot;:&quot;fas fa-spinner&quot;,&quot;library&quot;:&quot;fa-solid&quot;}}\" data-widget_type=\"posts.classic\">\n\t\t\t\t<div class=\"elementor-widget-container\">\n\t\t\t<link rel=\"stylesheet\" href=\"https:\/\/greenteam.ufec.cat\/wp-content\/plugins\/elementor-pro\/assets\/css\/widget-posts.min.css\">\t\t<div class=\"elementor-posts-container elementor-posts elementor-posts--skin-classic elementor-grid\">\n\t\t\t\t<article class=\"elementor-post elementor-grid-item post-3986 post type-post status-publish format-standard has-post-thumbnail hentry category-sin-categorizar\">\n\t\t\t\t<a class=\"elementor-post__thumbnail__link\" href=\"https:\/\/greenteam.ufec.cat\/es\/2025\/11\/26\/la-ufec-acull-lentrega-dels-premis-sise-del-projecte-europeu-green-team-impulsant-un-esport-mes-sostenible-i-inclusiu\/\" >\n\t\t\t<div class=\"elementor-post__thumbnail\"><img loading=\"lazy\" decoding=\"async\" width=\"2560\" height=\"1707\" src=\"https:\/\/greenteam.ufec.cat\/wp-content\/uploads\/2025\/11\/251126_MD_not3_ufec_foto-scaled-e1764148125224.jpg\" class=\"attachment-full size-full wp-image-3978\" alt=\"\" \/><\/div>\n\t\t<\/a>\n\t\t\t\t<div class=\"elementor-post__text\">\n\t\t\t\t<h3 class=\"elementor-post__title\">\n\t\t\t<a href=\"https:\/\/greenteam.ufec.cat\/es\/2025\/11\/26\/la-ufec-acull-lentrega-dels-premis-sise-del-projecte-europeu-green-team-impulsant-un-esport-mes-sostenible-i-inclusiu\/\" >\n\t\t\t\tLa UFEC acull l\u2019entrega dels Premis SISE del projecte europeu Green Team, impulsant un esport m\u00e9s sostenible i inclusiu\t\t\t<\/a>\n\t\t<\/h3>\n\t\t\t\t<div class=\"elementor-post__meta-data\">\n\t\t\t\t\t<span class=\"elementor-post-date\">\n\t\t\tnoviembre 26, 2025\t\t<\/span>\n\t\t\t\t<\/div>\n\t\t\t\t<div class=\"elementor-post__excerpt\">\n\t\t\t<p>La Uni\u00f3 de Federacions Esportives de Catalunya ha acollit l\u2019acte d\u2019entrega dels\u00a0Premis SISE, un dels pilars del projecte europeu\u00a0Green Team, orientat a transformar l\u2019esport en<\/p>\n\t\t<\/div>\n\t\t\t\t\t<div class=\"elementor-post__read-more-wrapper\">\n\t\t\n\t\t<a class=\"elementor-post__read-more\" href=\"https:\/\/greenteam.ufec.cat\/es\/2025\/11\/26\/la-ufec-acull-lentrega-dels-premis-sise-del-projecte-europeu-green-team-impulsant-un-esport-mes-sostenible-i-inclusiu\/\" aria-label=\"M\u00e1s informaci\u00f3n sobre La UFEC acull l\u2019entrega dels Premis SISE del projecte europeu Green Team, impulsant un esport m\u00e9s sostenible i inclusiu\" >\n\t\t\tLeer m\u00e1s \u00bb\t\t<\/a>\n\n\t\t\t\t\t<\/div>\n\t\t\t\t<\/div>\n\t\t\t\t<\/article>\n\t\t\t\t<article class=\"elementor-post elementor-grid-item post-3969 post type-post status-publish format-standard has-post-thumbnail hentry category-sin-categorizar\">\n\t\t\t\t<a class=\"elementor-post__thumbnail__link\" href=\"https:\/\/greenteam.ufec.cat\/es\/2025\/11\/13\/conferencia-final-del-proyecto-greenteam\/\" >\n\t\t\t<div class=\"elementor-post__thumbnail\"><img loading=\"lazy\" decoding=\"async\" width=\"1200\" height=\"600\" src=\"https:\/\/greenteam.ufec.cat\/wp-content\/uploads\/2025\/11\/Design-sans-titre.png\" class=\"attachment-full size-full wp-image-3966\" alt=\"\" srcset=\"https:\/\/greenteam.ufec.cat\/wp-content\/uploads\/2025\/11\/Design-sans-titre.png 1200w, https:\/\/greenteam.ufec.cat\/wp-content\/uploads\/2025\/11\/Design-sans-titre-300x150.png 300w, https:\/\/greenteam.ufec.cat\/wp-content\/uploads\/2025\/11\/Design-sans-titre-1024x512.png 1024w, https:\/\/greenteam.ufec.cat\/wp-content\/uploads\/2025\/11\/Design-sans-titre-768x384.png 768w\" sizes=\"auto, (max-width: 1200px) 100vw, 1200px\" \/><\/div>\n\t\t<\/a>\n\t\t\t\t<div class=\"elementor-post__text\">\n\t\t\t\t<h3 class=\"elementor-post__title\">\n\t\t\t<a href=\"https:\/\/greenteam.ufec.cat\/es\/2025\/11\/13\/conferencia-final-del-proyecto-greenteam\/\" >\n\t\t\t\tConferencia Final del Proyecto GreenTeam\t\t\t<\/a>\n\t\t<\/h3>\n\t\t\t\t<div class=\"elementor-post__meta-data\">\n\t\t\t\t\t<span class=\"elementor-post-date\">\n\t\t\tnoviembre 13, 2025\t\t<\/span>\n\t\t\t\t<\/div>\n\t\t\t\t<div class=\"elementor-post__excerpt\">\n\t\t\t<p>\u00danete a nosotros el 25 de noviembre, de 10:00 a 11:30, para una conferencia sobre medio ambiente y deporte, y para conocer las conclusiones de nuestro proyecto GreenTeam.<\/p>\n\t\t<\/div>\n\t\t\t\t\t<div class=\"elementor-post__read-more-wrapper\">\n\t\t\n\t\t<a class=\"elementor-post__read-more\" href=\"https:\/\/greenteam.ufec.cat\/es\/2025\/11\/13\/conferencia-final-del-proyecto-greenteam\/\" aria-label=\"M\u00e1s informaci\u00f3n sobre Conferencia Final del Proyecto GreenTeam\" >\n\t\t\tLeer m\u00e1s \u00bb\t\t<\/a>\n\n\t\t\t\t\t<\/div>\n\t\t\t\t<\/div>\n\t\t\t\t<\/article>\n\t\t\t\t<article class=\"elementor-post elementor-grid-item post-3807 post type-post status-publish format-standard has-post-thumbnail hentry category-sin-categorizar\">\n\t\t\t\t<a class=\"elementor-post__thumbnail__link\" href=\"https:\/\/greenteam.ufec.cat\/es\/2025\/06\/30\/playsocial\/\" >\n\t\t\t<div class=\"elementor-post__thumbnail\"><img loading=\"lazy\" decoding=\"async\" width=\"1600\" height=\"900\" src=\"https:\/\/greenteam.ufec.cat\/wp-content\/uploads\/2025\/06\/Foto3-1.jpg\" class=\"attachment-full size-full wp-image-3801\" alt=\"\" srcset=\"https:\/\/greenteam.ufec.cat\/wp-content\/uploads\/2025\/06\/Foto3-1.jpg 1600w, https:\/\/greenteam.ufec.cat\/wp-content\/uploads\/2025\/06\/Foto3-1-300x169.jpg 300w, https:\/\/greenteam.ufec.cat\/wp-content\/uploads\/2025\/06\/Foto3-1-1024x576.jpg 1024w, https:\/\/greenteam.ufec.cat\/wp-content\/uploads\/2025\/06\/Foto3-1-768x432.jpg 768w, https:\/\/greenteam.ufec.cat\/wp-content\/uploads\/2025\/06\/Foto3-1-1536x864.jpg 1536w\" sizes=\"auto, (max-width: 1600px) 100vw, 1600px\" \/><\/div>\n\t\t<\/a>\n\t\t\t\t<div class=\"elementor-post__text\">\n\t\t\t\t<h3 class=\"elementor-post__title\">\n\t\t\t<a href=\"https:\/\/greenteam.ufec.cat\/es\/2025\/06\/30\/playsocial\/\" >\n\t\t\t\t\ud83d\udcf0 Formaci\u00f3n PLAYSOCIAL en Ruman\u00eda: deporte para la inclusi\u00f3n social y la sostenibilidad\t\t\t<\/a>\n\t\t<\/h3>\n\t\t\t\t<div class=\"elementor-post__meta-data\">\n\t\t\t\t\t<span class=\"elementor-post-date\">\n\t\t\tjunio 30, 2025\t\t<\/span>\n\t\t\t\t<\/div>\n\t\t\t\t<div class=\"elementor-post__excerpt\">\n\t\t\t<p>El 12 de junio, en el Complejo Deportivo Nacional Lia Manoliu de Bucarest (Ruman\u00eda), la formaci\u00f3n PLAYSOCIAL reuni\u00f3 a 20 participantes de Ruman\u00eda, seleccionados entre m\u00e1s de 40 aspirantes que hab\u00edan completado una fase de formaci\u00f3n en l\u00ednea en mayo. Adem\u00e1s de ellos, participaron m\u00e1s de 60 representantes de federaciones nacionales, entrenadores, directivos y otros.<\/p>\n\t\t<\/div>\n\t\t\t\t\t<div class=\"elementor-post__read-more-wrapper\">\n\t\t\n\t\t<a class=\"elementor-post__read-more\" href=\"https:\/\/greenteam.ufec.cat\/es\/2025\/06\/30\/playsocial\/\" aria-label=\"M\u00e1s informaci\u00f3n sobre \ud83d\udcf0 Formaci\u00f3n PLAYSOCIAL en Ruman\u00eda: deporte para la inclusi\u00f3n social y la sostenibilidad\" >\n\t\t\tLeer m\u00e1s \u00bb\t\t<\/a>\n\n\t\t\t\t\t<\/div>\n\t\t\t\t<\/div>\n\t\t\t\t<\/article>\n\t\t\t\t<article class=\"elementor-post elementor-grid-item post-3774 post type-post status-publish format-standard has-post-thumbnail hentry category-sin-categorizar\">\n\t\t\t\t<a class=\"elementor-post__thumbnail__link\" href=\"https:\/\/greenteam.ufec.cat\/es\/2025\/06\/05\/climatica\/\" >\n\t\t\t<div class=\"elementor-post__thumbnail\"><img loading=\"lazy\" decoding=\"async\" width=\"1920\" height=\"1280\" src=\"https:\/\/greenteam.ufec.cat\/wp-content\/uploads\/2025\/06\/pexels-dorothycastillo-2270328-1.jpg\" class=\"attachment-full size-full wp-image-3770\" alt=\"\" srcset=\"https:\/\/greenteam.ufec.cat\/wp-content\/uploads\/2025\/06\/pexels-dorothycastillo-2270328-1.jpg 1920w, https:\/\/greenteam.ufec.cat\/wp-content\/uploads\/2025\/06\/pexels-dorothycastillo-2270328-1-300x200.jpg 300w, https:\/\/greenteam.ufec.cat\/wp-content\/uploads\/2025\/06\/pexels-dorothycastillo-2270328-1-1024x683.jpg 1024w, https:\/\/greenteam.ufec.cat\/wp-content\/uploads\/2025\/06\/pexels-dorothycastillo-2270328-1-768x512.jpg 768w, https:\/\/greenteam.ufec.cat\/wp-content\/uploads\/2025\/06\/pexels-dorothycastillo-2270328-1-1536x1024.jpg 1536w\" sizes=\"auto, (max-width: 1920px) 100vw, 1920px\" \/><\/div>\n\t\t<\/a>\n\t\t\t\t<div class=\"elementor-post__text\">\n\t\t\t\t<h3 class=\"elementor-post__title\">\n\t\t\t<a href=\"https:\/\/greenteam.ufec.cat\/es\/2025\/06\/05\/climatica\/\" >\n\t\t\t\t\ud83c\udf0d D\u00eda Mundial del Medio Ambiente: el deporte, clave para un futuro sostenible\t\t\t<\/a>\n\t\t<\/h3>\n\t\t\t\t<div class=\"elementor-post__meta-data\">\n\t\t\t\t\t<span class=\"elementor-post-date\">\n\t\t\tjunio 5, 2025\t\t<\/span>\n\t\t\t\t<\/div>\n\t\t\t\t<div class=\"elementor-post__excerpt\">\n\t\t\t<p>\ud83c\udf0d D\u00eda Mundial del Medio Ambiente: el deporte, clave para un futuro sostenible En el D\u00eda Mundial del Medio Ambiente, queremos destacar el papel transformador<\/p>\n\t\t<\/div>\n\t\t\t\t\t<div class=\"elementor-post__read-more-wrapper\">\n\t\t\n\t\t<a class=\"elementor-post__read-more\" href=\"https:\/\/greenteam.ufec.cat\/es\/2025\/06\/05\/climatica\/\" aria-label=\"M\u00e1s informaci\u00f3n sobre \ud83c\udf0d D\u00eda Mundial del Medio Ambiente: el deporte, clave para un futuro sostenible\" >\n\t\t\tLeer m\u00e1s \u00bb\t\t<\/a>\n\n\t\t\t\t\t<\/div>\n\t\t\t\t<\/div>\n\t\t\t\t<\/article>\n\t\t\t\t<article class=\"elementor-post elementor-grid-item post-3742 post type-post status-publish format-standard hentry category-sin-categorizar\">\n\t\t\t\t<div class=\"elementor-post__text\">\n\t\t\t\t<h3 class=\"elementor-post__title\">\n\t\t\t<a href=\"https:\/\/greenteam.ufec.cat\/es\/2025\/05\/28\/ufec-y-su-compromiso-con-el-medio-ambiente\/\" >\n\t\t\t\tUFEC y su compromiso con el medio ambiente\t\t\t<\/a>\n\t\t<\/h3>\n\t\t\t\t<div class=\"elementor-post__meta-data\">\n\t\t\t\t\t<span class=\"elementor-post-date\">\n\t\t\tmayo 28, 2025\t\t<\/span>\n\t\t\t\t<\/div>\n\t\t\t\t<div class=\"elementor-post__excerpt\">\n\t\t\t<p>La UFEC (Uni\u00f3n de Federaciones Deportivas de Catalu\u00f1a), coordinadora del proyecto Green Team, present\u00f3 un curso online para promover eventos deportivos ecol\u00f3gicos e inclusivos. La<\/p>\n\t\t<\/div>\n\t\t\t\t\t<div class=\"elementor-post__read-more-wrapper\">\n\t\t\n\t\t<a class=\"elementor-post__read-more\" href=\"https:\/\/greenteam.ufec.cat\/es\/2025\/05\/28\/ufec-y-su-compromiso-con-el-medio-ambiente\/\" aria-label=\"M\u00e1s informaci\u00f3n sobre UFEC y su compromiso con el medio ambiente\" >\n\t\t\tLeer m\u00e1s \u00bb\t\t<\/a>\n\n\t\t\t\t\t<\/div>\n\t\t\t\t<\/div>\n\t\t\t\t<\/article>\n\t\t\t\t<article class=\"elementor-post elementor-grid-item post-3687 post type-post status-publish format-standard hentry category-sin-categorizar\">\n\t\t\t\t<div class=\"elementor-post__text\">\n\t\t\t\t<h3 class=\"elementor-post__title\">\n\t\t\t<a href=\"https:\/\/greenteam.ufec.cat\/es\/2025\/05\/28\/elementor-3687\/\" >\n\t\t\t\tGreen Team: un evento deportivo sostenible e inclusivo en Gondomar\t\t\t<\/a>\n\t\t<\/h3>\n\t\t\t\t<div class=\"elementor-post__meta-data\">\n\t\t\t\t\t<span class=\"elementor-post-date\">\n\t\t\tmayo 28, 2025\t\t<\/span>\n\t\t\t\t<\/div>\n\t\t\t\t<div class=\"elementor-post__excerpt\">\n\t\t\t<p>El 4 de diciembre de 2024, la Uni\u00e3o de Freguesias de Gondomar, en colaboraci\u00f3n con el club deportivo Ala Nun&#8217;\u00c1lvares, organiz\u00f3 elprimer evento deportivo sostenible<\/p>\n\t\t<\/div>\n\t\t\t\t\t<div class=\"elementor-post__read-more-wrapper\">\n\t\t\n\t\t<a class=\"elementor-post__read-more\" href=\"https:\/\/greenteam.ufec.cat\/es\/2025\/05\/28\/elementor-3687\/\" aria-label=\"M\u00e1s informaci\u00f3n sobre Green Team: un evento deportivo sostenible e inclusivo en Gondomar\" >\n\t\t\tLeer m\u00e1s \u00bb\t\t<\/a>\n\n\t\t\t\t\t<\/div>\n\t\t\t\t<\/div>\n\t\t\t\t<\/article>\n\t\t\t\t<article class=\"elementor-post elementor-grid-item post-3646 post type-post status-publish format-standard hentry category-uncategorized\">\n\t\t\t\t<div class=\"elementor-post__text\">\n\t\t\t\t<h3 class=\"elementor-post__title\">\n\t\t\t<a href=\"https:\/\/greenteam.ufec.cat\/es\/2025\/05\/27\/aprende-a-organizar-eventos-deportivos-sostenibles-con-el-curso-en-linea-organizacion-de-eventos-deportivos-sostenibles-e-inclusivos-del-green-team\/\" >\n\t\t\t\t\u00a1Aprende a organizar eventos deportivos sostenibles con el curso en l\u00ednea \u00abOrganizaci\u00f3n de eventos deportivos sostenibles e inclusivos\u00bb del Green Team!\t\t\t<\/a>\n\t\t<\/h3>\n\t\t\t\t<div class=\"elementor-post__meta-data\">\n\t\t\t\t\t<span class=\"elementor-post-date\">\n\t\t\tmayo 27, 2025\t\t<\/span>\n\t\t\t\t<\/div>\n\t\t\t\t<div class=\"elementor-post__excerpt\">\n\t\t\t<p>Los eventos deportivos desempe\u00f1an un papel importante en nuestra sociedad, desde peque\u00f1as actividades locales hasta competiciones internacionales a gran escala. Sin embargo, rara vez se<\/p>\n\t\t<\/div>\n\t\t\t\t\t<div class=\"elementor-post__read-more-wrapper\">\n\t\t\n\t\t<a class=\"elementor-post__read-more\" href=\"https:\/\/greenteam.ufec.cat\/es\/2025\/05\/27\/aprende-a-organizar-eventos-deportivos-sostenibles-con-el-curso-en-linea-organizacion-de-eventos-deportivos-sostenibles-e-inclusivos-del-green-team\/\" aria-label=\"M\u00e1s informaci\u00f3n sobre \u00a1Aprende a organizar eventos deportivos sostenibles con el curso en l\u00ednea \u00abOrganizaci\u00f3n de eventos deportivos sostenibles e inclusivos\u00bb del Green Team!\" >\n\t\t\tLeer m\u00e1s \u00bb\t\t<\/a>\n\n\t\t\t\t\t<\/div>\n\t\t\t\t<\/div>\n\t\t\t\t<\/article>\n\t\t\t\t<article class=\"elementor-post elementor-grid-item post-3142 post type-post status-publish format-standard has-post-thumbnail hentry category-sin-categorizar\">\n\t\t\t\t<a class=\"elementor-post__thumbnail__link\" href=\"https:\/\/greenteam.ufec.cat\/es\/2024\/09\/19\/abordar-los-desafios-del-desarrollo-sostenible-con-el-proyecto-green-team\/\" >\n\t\t\t<div class=\"elementor-post__thumbnail\"><img loading=\"lazy\" decoding=\"async\" width=\"1280\" height=\"853\" src=\"https:\/\/greenteam.ufec.cat\/wp-content\/uploads\/2024\/09\/action-1850887_1280.jpg\" class=\"attachment-full size-full wp-image-3054\" alt=\"\" srcset=\"https:\/\/greenteam.ufec.cat\/wp-content\/uploads\/2024\/09\/action-1850887_1280.jpg 1280w, https:\/\/greenteam.ufec.cat\/wp-content\/uploads\/2024\/09\/action-1850887_1280-300x200.jpg 300w, https:\/\/greenteam.ufec.cat\/wp-content\/uploads\/2024\/09\/action-1850887_1280-1024x682.jpg 1024w, https:\/\/greenteam.ufec.cat\/wp-content\/uploads\/2024\/09\/action-1850887_1280-768x512.jpg 768w\" sizes=\"auto, (max-width: 1280px) 100vw, 1280px\" \/><\/div>\n\t\t<\/a>\n\t\t\t\t<div class=\"elementor-post__text\">\n\t\t\t\t<h3 class=\"elementor-post__title\">\n\t\t\t<a href=\"https:\/\/greenteam.ufec.cat\/es\/2024\/09\/19\/abordar-los-desafios-del-desarrollo-sostenible-con-el-proyecto-green-team\/\" >\n\t\t\t\tAbordar los desaf\u00edos del desarrollo sostenible con el proyecto Green Team\t\t\t<\/a>\n\t\t<\/h3>\n\t\t\t\t<div class=\"elementor-post__meta-data\">\n\t\t\t\t\t<span class=\"elementor-post-date\">\n\t\t\tseptiembre 19, 2024\t\t<\/span>\n\t\t\t\t<\/div>\n\t\t\t\t<div class=\"elementor-post__excerpt\">\n\t\t\t<p>PARA FOMENTAR EVENTOS DEPORTIVOS SOSTENIBLES E INCLUSIVOS En un mundo donde los eventos deportivos son la norma, dado el gran atractivo de las competiciones, que<\/p>\n\t\t<\/div>\n\t\t\t\t\t<div class=\"elementor-post__read-more-wrapper\">\n\t\t\n\t\t<a class=\"elementor-post__read-more\" href=\"https:\/\/greenteam.ufec.cat\/es\/2024\/09\/19\/abordar-los-desafios-del-desarrollo-sostenible-con-el-proyecto-green-team\/\" aria-label=\"M\u00e1s informaci\u00f3n sobre Abordar los desaf\u00edos del desarrollo sostenible con el proyecto Green Team\" >\n\t\t\tLeer m\u00e1s \u00bb\t\t<\/a>\n\n\t\t\t\t\t<\/div>\n\t\t\t\t<\/div>\n\t\t\t\t<\/article>\n\t\t\t\t<article class=\"elementor-post elementor-grid-item post-3126 post type-post status-publish format-standard has-post-thumbnail hentry category-sin-categorizar\">\n\t\t\t\t<a class=\"elementor-post__thumbnail__link\" href=\"https:\/\/greenteam.ufec.cat\/es\/2024\/07\/25\/como-reducir-el-impacto-ambiental-de-los-eventos-deportivos\/\" >\n\t\t\t<div class=\"elementor-post__thumbnail\"><img loading=\"lazy\" decoding=\"async\" width=\"1280\" height=\"853\" src=\"https:\/\/greenteam.ufec.cat\/wp-content\/uploads\/2024\/11\/stadium-4760441_1280.jpg\" class=\"attachment-full size-full wp-image-3127\" alt=\"\" srcset=\"https:\/\/greenteam.ufec.cat\/wp-content\/uploads\/2024\/11\/stadium-4760441_1280.jpg 1280w, https:\/\/greenteam.ufec.cat\/wp-content\/uploads\/2024\/11\/stadium-4760441_1280-300x200.jpg 300w, https:\/\/greenteam.ufec.cat\/wp-content\/uploads\/2024\/11\/stadium-4760441_1280-1024x682.jpg 1024w, https:\/\/greenteam.ufec.cat\/wp-content\/uploads\/2024\/11\/stadium-4760441_1280-768x512.jpg 768w\" sizes=\"auto, (max-width: 1280px) 100vw, 1280px\" \/><\/div>\n\t\t<\/a>\n\t\t\t\t<div class=\"elementor-post__text\">\n\t\t\t\t<h3 class=\"elementor-post__title\">\n\t\t\t<a href=\"https:\/\/greenteam.ufec.cat\/es\/2024\/07\/25\/como-reducir-el-impacto-ambiental-de-los-eventos-deportivos\/\" >\n\t\t\t\tC\u00f3mo reducir el impacto ambiental de los eventos deportivos\t\t\t<\/a>\n\t\t<\/h3>\n\t\t\t\t<div class=\"elementor-post__meta-data\">\n\t\t\t\t\t<span class=\"elementor-post-date\">\n\t\t\tjulio 25, 2024\t\t<\/span>\n\t\t\t\t<\/div>\n\t\t\t\t<div class=\"elementor-post__excerpt\">\n\t\t\t<p>HACIA EVENTOS DEPORTIVOS M\u00c1S VERDES E INCLUSIVOS M\u00e1s que nunca, preservar el medio ambiente es un desaf\u00edo crucial. Como una fuerza unificadora, el sector del<\/p>\n\t\t<\/div>\n\t\t\t\t\t<div class=\"elementor-post__read-more-wrapper\">\n\t\t\n\t\t<a class=\"elementor-post__read-more\" href=\"https:\/\/greenteam.ufec.cat\/es\/2024\/07\/25\/como-reducir-el-impacto-ambiental-de-los-eventos-deportivos\/\" aria-label=\"M\u00e1s informaci\u00f3n sobre C\u00f3mo reducir el impacto ambiental de los eventos deportivos\" >\n\t\t\tLeer m\u00e1s \u00bb\t\t<\/a>\n\n\t\t\t\t\t<\/div>\n\t\t\t\t<\/div>\n\t\t\t\t<\/article>\n\t\t\t\t<article class=\"elementor-post elementor-grid-item post-2972 post type-post status-publish format-standard has-post-thumbnail hentry category-sin-categorizar\">\n\t\t\t\t<a class=\"elementor-post__thumbnail__link\" href=\"https:\/\/greenteam.ufec.cat\/es\/2023\/11\/13\/el-proyecto-green-team-presentado-en-el-congreso-nacional-del-deporte-autonomico-de-cufade\/\" >\n\t\t\t<div class=\"elementor-post__thumbnail\"><img loading=\"lazy\" decoding=\"async\" width=\"2500\" height=\"1667\" src=\"https:\/\/greenteam.ufec.cat\/wp-content\/uploads\/2024\/01\/DP9A5327.jpg\" class=\"attachment-full size-full wp-image-2970\" alt=\"\" srcset=\"https:\/\/greenteam.ufec.cat\/wp-content\/uploads\/2024\/01\/DP9A5327.jpg 2500w, https:\/\/greenteam.ufec.cat\/wp-content\/uploads\/2024\/01\/DP9A5327-300x200.jpg 300w, https:\/\/greenteam.ufec.cat\/wp-content\/uploads\/2024\/01\/DP9A5327-1024x683.jpg 1024w, https:\/\/greenteam.ufec.cat\/wp-content\/uploads\/2024\/01\/DP9A5327-768x512.jpg 768w, https:\/\/greenteam.ufec.cat\/wp-content\/uploads\/2024\/01\/DP9A5327-1536x1024.jpg 1536w, https:\/\/greenteam.ufec.cat\/wp-content\/uploads\/2024\/01\/DP9A5327-2048x1366.jpg 2048w\" sizes=\"auto, (max-width: 2500px) 100vw, 2500px\" \/><\/div>\n\t\t<\/a>\n\t\t\t\t<div class=\"elementor-post__text\">\n\t\t\t\t<h3 class=\"elementor-post__title\">\n\t\t\t<a href=\"https:\/\/greenteam.ufec.cat\/es\/2023\/11\/13\/el-proyecto-green-team-presentado-en-el-congreso-nacional-del-deporte-autonomico-de-cufade\/\" >\n\t\t\t\tEl proyecto &#8216;Green Team&#8217;, presentado en el Congreso Nacional del Deporte Auton\u00f3mico de CUFADE\t\t\t<\/a>\n\t\t<\/h3>\n\t\t\t\t<div class=\"elementor-post__meta-data\">\n\t\t\t\t\t<span class=\"elementor-post-date\">\n\t\t\tnoviembre 13, 2023\t\t<\/span>\n\t\t\t\t<\/div>\n\t\t\t\t<div class=\"elementor-post__excerpt\">\n\t\t\t<p>El s\u00e1bado 11 de noviembre se celebr\u00f3 en el Palacio Euskalduna de Bilbao el II Congreso Nacional del Deporte Auton\u00f3mico, organizado por CUFADE (Confederaci\u00f3n de<\/p>\n\t\t<\/div>\n\t\t\t\t\t<div class=\"elementor-post__read-more-wrapper\">\n\t\t\n\t\t<a class=\"elementor-post__read-more\" href=\"https:\/\/greenteam.ufec.cat\/es\/2023\/11\/13\/el-proyecto-green-team-presentado-en-el-congreso-nacional-del-deporte-autonomico-de-cufade\/\" aria-label=\"M\u00e1s informaci\u00f3n sobre El proyecto &#8216;Green Team&#8217;, presentado en el Congreso Nacional del Deporte Auton\u00f3mico de CUFADE\" >\n\t\t\tLeer m\u00e1s \u00bb\t\t<\/a>\n\n\t\t\t\t\t<\/div>\n\t\t\t\t<\/div>\n\t\t\t\t<\/article>\n\t\t\t\t<article class=\"elementor-post elementor-grid-item post-2979 post type-post status-publish format-standard has-post-thumbnail hentry category-sin-categorizar\">\n\t\t\t\t<a class=\"elementor-post__thumbnail__link\" href=\"https:\/\/greenteam.ufec.cat\/es\/2023\/08\/23\/petit-pas-aps-presenta-el-proyecto-green-team-a-alumnos-de-la-facultad-de-educacion-fisica\/\" >\n\t\t\t<div class=\"elementor-post__thumbnail\"><img loading=\"lazy\" decoding=\"async\" width=\"2560\" height=\"1920\" src=\"https:\/\/greenteam.ufec.cat\/wp-content\/uploads\/2023\/08\/green-team-1-scaled.jpg\" class=\"attachment-full size-full wp-image-2925\" alt=\"\" srcset=\"https:\/\/greenteam.ufec.cat\/wp-content\/uploads\/2023\/08\/green-team-1-scaled.jpg 2560w, https:\/\/greenteam.ufec.cat\/wp-content\/uploads\/2023\/08\/green-team-1-300x225.jpg 300w, https:\/\/greenteam.ufec.cat\/wp-content\/uploads\/2023\/08\/green-team-1-1024x768.jpg 1024w, https:\/\/greenteam.ufec.cat\/wp-content\/uploads\/2023\/08\/green-team-1-768x576.jpg 768w, https:\/\/greenteam.ufec.cat\/wp-content\/uploads\/2023\/08\/green-team-1-1536x1152.jpg 1536w, https:\/\/greenteam.ufec.cat\/wp-content\/uploads\/2023\/08\/green-team-1-2048x1536.jpg 2048w\" sizes=\"auto, (max-width: 2560px) 100vw, 2560px\" \/><\/div>\n\t\t<\/a>\n\t\t\t\t<div class=\"elementor-post__text\">\n\t\t\t\t<h3 class=\"elementor-post__title\">\n\t\t\t<a href=\"https:\/\/greenteam.ufec.cat\/es\/2023\/08\/23\/petit-pas-aps-presenta-el-proyecto-green-team-a-alumnos-de-la-facultad-de-educacion-fisica\/\" >\n\t\t\t\tPetit Pas aps presenta el proyecto &#8216;Green Team&#8217; a alumnos de la Facultad de Educaci\u00f3n F\u00edsica\t\t\t<\/a>\n\t\t<\/h3>\n\t\t\t\t<div class=\"elementor-post__meta-data\">\n\t\t\t\t\t<span class=\"elementor-post-date\">\n\t\t\tagosto 23, 2023\t\t<\/span>\n\t\t\t\t<\/div>\n\t\t\t\t<div class=\"elementor-post__excerpt\">\n\t\t\t<p>Fabiola Porcelli, miembro del Green Team y responsable del proyecto de Petit Pas, present\u00f3 el proyecto el pasado 3 de julio en un acto organizado<\/p>\n\t\t<\/div>\n\t\t\t\t\t<div class=\"elementor-post__read-more-wrapper\">\n\t\t\n\t\t<a class=\"elementor-post__read-more\" href=\"https:\/\/greenteam.ufec.cat\/es\/2023\/08\/23\/petit-pas-aps-presenta-el-proyecto-green-team-a-alumnos-de-la-facultad-de-educacion-fisica\/\" aria-label=\"M\u00e1s informaci\u00f3n sobre Petit Pas aps presenta el proyecto &#8216;Green Team&#8217; a alumnos de la Facultad de Educaci\u00f3n F\u00edsica\" >\n\t\t\tLeer m\u00e1s \u00bb\t\t<\/a>\n\n\t\t\t\t\t<\/div>\n\t\t\t\t<\/div>\n\t\t\t\t<\/article>\n\t\t\t\t<article class=\"elementor-post elementor-grid-item post-2912 post type-post status-publish format-standard has-post-thumbnail hentry category-sin-categorizar\">\n\t\t\t\t<a class=\"elementor-post__thumbnail__link\" href=\"https:\/\/greenteam.ufec.cat\/es\/2023\/06\/22\/la-ufec-presenta-el-proyecto-green-team-en-el-camping-la-ballena-alegre\/\" >\n\t\t\t<div class=\"elementor-post__thumbnail\"><img loading=\"lazy\" decoding=\"async\" width=\"1536\" height=\"2048\" src=\"https:\/\/greenteam.ufec.cat\/wp-content\/uploads\/2023\/06\/Camping-La-Ballena.jpg\" class=\"attachment-full size-full wp-image-2978\" alt=\"\" srcset=\"https:\/\/greenteam.ufec.cat\/wp-content\/uploads\/2023\/06\/Camping-La-Ballena.jpg 1536w, https:\/\/greenteam.ufec.cat\/wp-content\/uploads\/2023\/06\/Camping-La-Ballena-225x300.jpg 225w, https:\/\/greenteam.ufec.cat\/wp-content\/uploads\/2023\/06\/Camping-La-Ballena-768x1024.jpg 768w, https:\/\/greenteam.ufec.cat\/wp-content\/uploads\/2023\/06\/Camping-La-Ballena-1152x1536.jpg 1152w\" sizes=\"auto, (max-width: 1536px) 100vw, 1536px\" \/><\/div>\n\t\t<\/a>\n\t\t\t\t<div class=\"elementor-post__text\">\n\t\t\t\t<h3 class=\"elementor-post__title\">\n\t\t\t<a href=\"https:\/\/greenteam.ufec.cat\/es\/2023\/06\/22\/la-ufec-presenta-el-proyecto-green-team-en-el-camping-la-ballena-alegre\/\" >\n\t\t\t\tLa UFEC presenta el proyecto Green Team en el camping La Ballena Alegre\t\t\t<\/a>\n\t\t<\/h3>\n\t\t\t\t<div class=\"elementor-post__meta-data\">\n\t\t\t\t\t<span class=\"elementor-post-date\">\n\t\t\tjunio 22, 2023\t\t<\/span>\n\t\t\t\t<\/div>\n\t\t\t\t<div class=\"elementor-post__excerpt\">\n\t\t\t<p>La UFEC ha viajado esta semana a Sant Pere Pescador para llevar a cabo una sesi\u00f3n divulgativa sobre el proyecto Green Team, que lidera, en<\/p>\n\t\t<\/div>\n\t\t\t\t\t<div class=\"elementor-post__read-more-wrapper\">\n\t\t\n\t\t<a class=\"elementor-post__read-more\" href=\"https:\/\/greenteam.ufec.cat\/es\/2023\/06\/22\/la-ufec-presenta-el-proyecto-green-team-en-el-camping-la-ballena-alegre\/\" aria-label=\"M\u00e1s informaci\u00f3n sobre La UFEC presenta el proyecto Green Team en el camping La Ballena Alegre\" >\n\t\t\tLeer m\u00e1s \u00bb\t\t<\/a>\n\n\t\t\t\t\t<\/div>\n\t\t\t\t<\/div>\n\t\t\t\t<\/article>\n\t\t\t\t<article class=\"elementor-post elementor-grid-item post-2723 post type-post status-publish format-standard has-post-thumbnail hentry category-sin-categorizar\">\n\t\t\t\t<a class=\"elementor-post__thumbnail__link\" href=\"https:\/\/greenteam.ufec.cat\/es\/2023\/02\/27\/green-team-kick-off\/\" >\n\t\t\t<div class=\"elementor-post__thumbnail\"><img loading=\"lazy\" decoding=\"async\" width=\"1220\" height=\"770\" src=\"https:\/\/greenteam.ufec.cat\/wp-content\/uploads\/2023\/02\/Captura-de-pantalla-2023-03-20-a-las-11.13.58.png\" class=\"attachment-full size-full wp-image-2497\" alt=\"\" srcset=\"https:\/\/greenteam.ufec.cat\/wp-content\/uploads\/2023\/02\/Captura-de-pantalla-2023-03-20-a-las-11.13.58.png 1220w, https:\/\/greenteam.ufec.cat\/wp-content\/uploads\/2023\/02\/Captura-de-pantalla-2023-03-20-a-las-11.13.58-300x189.png 300w, https:\/\/greenteam.ufec.cat\/wp-content\/uploads\/2023\/02\/Captura-de-pantalla-2023-03-20-a-las-11.13.58-1024x646.png 1024w, https:\/\/greenteam.ufec.cat\/wp-content\/uploads\/2023\/02\/Captura-de-pantalla-2023-03-20-a-las-11.13.58-768x485.png 768w\" sizes=\"auto, (max-width: 1220px) 100vw, 1220px\" \/><\/div>\n\t\t<\/a>\n\t\t\t\t<div class=\"elementor-post__text\">\n\t\t\t\t<h3 class=\"elementor-post__title\">\n\t\t\t<a href=\"https:\/\/greenteam.ufec.cat\/es\/2023\/02\/27\/green-team-kick-off\/\" >\n\t\t\t\tUFEC acoge el host del Green Team project\t\t\t<\/a>\n\t\t<\/h3>\n\t\t\t\t<div class=\"elementor-post__meta-data\">\n\t\t\t\t\t<span class=\"elementor-post-date\">\n\t\t\tfebrero 27, 2023\t\t<\/span>\n\t\t\t\t<\/div>\n\t\t\t\t<div class=\"elementor-post__excerpt\">\n\t\t\t<p>El objetivo del programa es reducir el impacto negativo y ecol\u00f3gico en el planeta de los acontecimientos deportivos. Los d\u00edas 6 y 7 de febrero<\/p>\n\t\t<\/div>\n\t\t\t\t\t<div class=\"elementor-post__read-more-wrapper\">\n\t\t\n\t\t<a class=\"elementor-post__read-more\" href=\"https:\/\/greenteam.ufec.cat\/es\/2023\/02\/27\/green-team-kick-off\/\" aria-label=\"M\u00e1s informaci\u00f3n sobre UFEC acoge el host del Green Team project\" >\n\t\t\tLeer m\u00e1s \u00bb\t\t<\/a>\n\n\t\t\t\t\t<\/div>\n\t\t\t\t<\/div>\n\t\t\t\t<\/article>\n\t\t\t\t<\/div>\n\t\t\t\t\t<span class=\"e-load-more-spinner\">\n\t\t\t\t<i aria-hidden=\"true\" class=\"fas fa-spinner\"><\/i>\t\t\t<\/span>\n\t\t\n\t\t\t\t<\/div>\n\t\t\t\t<\/div>\n\t\t\t\t\t<\/div>\n\t\t<\/div>\n\t\t\t\t\t\t\t<\/div>\n\t\t<\/section>\n\t\t\t\t\t\t\t<\/div>\n\t\t","protected":false},"excerpt":{"rendered":"<p>NOTICIAS<\/p>\n","protected":false},"author":2,"featured_media":0,"parent":0,"menu_order":0,"comment_status":"closed","ping_status":"closed","template":"elementor_header_footer","meta":{"footnotes":""},"class_list":["post-2587","page","type-page","status-publish","hentry"],"yoast_head":"<!-- This site is optimized with the Yoast SEO plugin v20.3 - https:\/\/yoast.com\/wordpress\/plugins\/seo\/ -->\n<title>Noticias - Green Team<\/title>\n<meta name=\"robots\" content=\"index, follow, max-snippet:-1, max-image-preview:large, max-video-preview:-1\" \/>\n<link rel=\"canonical\" href=\"https:\/\/greenteam.ufec.cat\/es\/news\/\" \/>\n<meta property=\"og:locale\" content=\"es_ES\" \/>\n<meta property=\"og:type\" content=\"article\" \/>\n<meta property=\"og:title\" content=\"Noticias - Green Team\" \/>\n<meta property=\"og:description\" content=\"NOTICIAS\" \/>\n<meta property=\"og:url\" content=\"https:\/\/greenteam.ufec.cat\/es\/news\/\" \/>\n<meta property=\"og:site_name\" content=\"Green Team\" \/>\n<meta property=\"article:modified_time\" content=\"2023-03-23T15:15:03+00:00\" \/>\n<meta name=\"twitter:card\" content=\"summary_large_image\" \/>\n<script type=\"application\/ld+json\" class=\"yoast-schema-graph\">{\"@context\":\"https:\/\/schema.org\",\"@graph\":[{\"@type\":\"WebPage\",\"@id\":\"https:\/\/greenteam.ufec.cat\/es\/news\/\",\"url\":\"https:\/\/greenteam.ufec.cat\/es\/news\/\",\"name\":\"Noticias - Green Team\",\"isPartOf\":{\"@id\":\"https:\/\/greenteam.ufec.cat\/es\/#website\"},\"datePublished\":\"2023-03-23T12:42:21+00:00\",\"dateModified\":\"2023-03-23T15:15:03+00:00\",\"breadcrumb\":{\"@id\":\"https:\/\/greenteam.ufec.cat\/es\/news\/#breadcrumb\"},\"inLanguage\":\"es\",\"potentialAction\":[{\"@type\":\"ReadAction\",\"target\":[\"https:\/\/greenteam.ufec.cat\/es\/news\/\"]}]},{\"@type\":\"BreadcrumbList\",\"@id\":\"https:\/\/greenteam.ufec.cat\/es\/news\/#breadcrumb\",\"itemListElement\":[{\"@type\":\"ListItem\",\"position\":1,\"name\":\"Portada\",\"item\":\"https:\/\/greenteam.ufec.cat\/es\/\"},{\"@type\":\"ListItem\",\"position\":2,\"name\":\"Noticias\"}]},{\"@type\":\"WebSite\",\"@id\":\"https:\/\/greenteam.ufec.cat\/es\/#website\",\"url\":\"https:\/\/greenteam.ufec.cat\/es\/\",\"name\":\"Green Team\",\"description\":\"Fostering sustainable, eco friendly and inclusive sporting events\",\"publisher\":{\"@id\":\"https:\/\/greenteam.ufec.cat\/es\/#organization\"},\"potentialAction\":[{\"@type\":\"SearchAction\",\"target\":{\"@type\":\"EntryPoint\",\"urlTemplate\":\"https:\/\/greenteam.ufec.cat\/es\/?s={search_term_string}\"},\"query-input\":\"required name=search_term_string\"}],\"inLanguage\":\"es\"},{\"@type\":\"Organization\",\"@id\":\"https:\/\/greenteam.ufec.cat\/es\/#organization\",\"name\":\"Green Team\",\"url\":\"https:\/\/greenteam.ufec.cat\/es\/\",\"logo\":{\"@type\":\"ImageObject\",\"inLanguage\":\"es\",\"@id\":\"https:\/\/greenteam.ufec.cat\/es\/#\/schema\/logo\/image\/\",\"url\":\"https:\/\/greenteam.ufec.cat\/wp-content\/uploads\/2022\/08\/LOGO-GREEN-TEAM.svg\",\"contentUrl\":\"https:\/\/greenteam.ufec.cat\/wp-content\/uploads\/2022\/08\/LOGO-GREEN-TEAM.svg\",\"width\":1920,\"height\":600,\"caption\":\"Green Team\"},\"image\":{\"@id\":\"https:\/\/greenteam.ufec.cat\/es\/#\/schema\/logo\/image\/\"}}]}<\/script>\n<!-- \/ Yoast SEO plugin. -->","yoast_head_json":{"title":"Noticias - Green Team","robots":{"index":"index","follow":"follow","max-snippet":"max-snippet:-1","max-image-preview":"max-image-preview:large","max-video-preview":"max-video-preview:-1"},"canonical":"https:\/\/greenteam.ufec.cat\/es\/news\/","og_locale":"es_ES","og_type":"article","og_title":"Noticias - Green Team","og_description":"NOTICIAS","og_url":"https:\/\/greenteam.ufec.cat\/es\/news\/","og_site_name":"Green Team","article_modified_time":"2023-03-23T15:15:03+00:00","twitter_card":"summary_large_image","schema":{"@context":"https:\/\/schema.org","@graph":[{"@type":"WebPage","@id":"https:\/\/greenteam.ufec.cat\/es\/news\/","url":"https:\/\/greenteam.ufec.cat\/es\/news\/","name":"Noticias - Green Team","isPartOf":{"@id":"https:\/\/greenteam.ufec.cat\/es\/#website"},"datePublished":"2023-03-23T12:42:21+00:00","dateModified":"2023-03-23T15:15:03+00:00","breadcrumb":{"@id":"https:\/\/greenteam.ufec.cat\/es\/news\/#breadcrumb"},"inLanguage":"es","potentialAction":[{"@type":"ReadAction","target":["https:\/\/greenteam.ufec.cat\/es\/news\/"]}]},{"@type":"BreadcrumbList","@id":"https:\/\/greenteam.ufec.cat\/es\/news\/#breadcrumb","itemListElement":[{"@type":"ListItem","position":1,"name":"Portada","item":"https:\/\/greenteam.ufec.cat\/es\/"},{"@type":"ListItem","position":2,"name":"Noticias"}]},{"@type":"WebSite","@id":"https:\/\/greenteam.ufec.cat\/es\/#website","url":"https:\/\/greenteam.ufec.cat\/es\/","name":"Green Team","description":"Fostering sustainable, eco friendly and inclusive sporting events","publisher":{"@id":"https:\/\/greenteam.ufec.cat\/es\/#organization"},"potentialAction":[{"@type":"SearchAction","target":{"@type":"EntryPoint","urlTemplate":"https:\/\/greenteam.ufec.cat\/es\/?s={search_term_string}"},"query-input":"required name=search_term_string"}],"inLanguage":"es"},{"@type":"Organization","@id":"https:\/\/greenteam.ufec.cat\/es\/#organization","name":"Green Team","url":"https:\/\/greenteam.ufec.cat\/es\/","logo":{"@type":"ImageObject","inLanguage":"es","@id":"https:\/\/greenteam.ufec.cat\/es\/#\/schema\/logo\/image\/","url":"https:\/\/greenteam.ufec.cat\/wp-content\/uploads\/2022\/08\/LOGO-GREEN-TEAM.svg","contentUrl":"https:\/\/greenteam.ufec.cat\/wp-content\/uploads\/2022\/08\/LOGO-GREEN-TEAM.svg","width":1920,"height":600,"caption":"Green Team"},"image":{"@id":"https:\/\/greenteam.ufec.cat\/es\/#\/schema\/logo\/image\/"}}]}},"_links":{"self":[{"href":"https:\/\/greenteam.ufec.cat\/es\/wp-json\/wp\/v2\/pages\/2587","targetHints":{"allow":["GET"]}}],"collection":[{"href":"https:\/\/greenteam.ufec.cat\/es\/wp-json\/wp\/v2\/pages"}],"about":[{"href":"https:\/\/greenteam.ufec.cat\/es\/wp-json\/wp\/v2\/types\/page"}],"author":[{"embeddable":true,"href":"https:\/\/greenteam.ufec.cat\/es\/wp-json\/wp\/v2\/users\/2"}],"replies":[{"embeddable":true,"href":"https:\/\/greenteam.ufec.cat\/es\/wp-json\/wp\/v2\/comments?post=2587"}],"version-history":[{"count":8,"href":"https:\/\/greenteam.ufec.cat\/es\/wp-json\/wp\/v2\/pages\/2587\/revisions"}],"predecessor-version":[{"id":3180,"href":"https:\/\/greenteam.ufec.cat\/es\/wp-json\/wp\/v2\/pages\/2587\/revisions\/3180"}],"wp:attachment":[{"href":"https:\/\/greenteam.ufec.cat\/es\/wp-json\/wp\/v2\/media?parent=2587"}],"curies":[{"name":"wp","href":"https:\/\/api.w.org\/{rel}","templated":true}]}}