{"id":2586,"date":"2023-03-23T12:42:21","date_gmt":"2023-03-23T12:42:21","guid":{"rendered":"https:\/\/greenteam.ufec.cat\/news\/"},"modified":"2023-03-23T15:11:07","modified_gmt":"2023-03-23T15:11:07","slug":"news","status":"publish","type":"page","link":"https:\/\/greenteam.ufec.cat\/ca\/news\/","title":{"rendered":"Not\u00edcies"},"content":{"rendered":"\t\t<div data-elementor-type=\"wp-page\" data-elementor-id=\"2586\" class=\"elementor elementor-2586 elementor-172\">\n\t\t\t\t\t\t\t\t\t<section class=\"elementor-section elementor-top-section elementor-element elementor-element-4e15ab6 elementor-section-full_width elementor-section-height-min-height elementor-section-items-top elementor-section-content-top elementor-reverse-tablet elementor-reverse-mobile elementor-section-height-default\" data-id=\"4e15ab6\" data-element_type=\"section\" data-settings=\"{&quot;background_background&quot;:&quot;classic&quot;}\">\n\t\t\t\t\t\t<div class=\"elementor-container elementor-column-gap-no\">\n\t\t\t\t\t<div class=\"elementor-column elementor-col-100 elementor-top-column elementor-element elementor-element-fd86f20\" data-id=\"fd86f20\" data-element_type=\"column\">\n\t\t\t<div class=\"elementor-widget-wrap elementor-element-populated\">\n\t\t\t\t\t\t\t\t<section class=\"elementor-section elementor-inner-section elementor-element elementor-element-487999f elementor-section-boxed elementor-section-height-default elementor-section-height-default\" data-id=\"487999f\" data-element_type=\"section\">\n\t\t\t\t\t\t<div class=\"elementor-container elementor-column-gap-default\">\n\t\t\t\t\t<div class=\"elementor-column elementor-col-100 elementor-inner-column elementor-element elementor-element-8852dc7\" data-id=\"8852dc7\" data-element_type=\"column\">\n\t\t\t<div class=\"elementor-widget-wrap elementor-element-populated\">\n\t\t\t\t\t\t\t\t<div class=\"elementor-element elementor-element-baa0e4f elementor-widget elementor-widget-heading\" data-id=\"baa0e4f\" data-element_type=\"widget\" data-widget_type=\"heading.default\">\n\t\t\t\t<div class=\"elementor-widget-container\">\n\t\t\t<style>\/*! elementor - v3.11.5 - 14-03-2023 *\/\n.elementor-heading-title{padding:0;margin:0;line-height:1}.elementor-widget-heading .elementor-heading-title[class*=elementor-size-]>a{color:inherit;font-size:inherit;line-height:inherit}.elementor-widget-heading .elementor-heading-title.elementor-size-small{font-size:15px}.elementor-widget-heading .elementor-heading-title.elementor-size-medium{font-size:19px}.elementor-widget-heading .elementor-heading-title.elementor-size-large{font-size:29px}.elementor-widget-heading .elementor-heading-title.elementor-size-xl{font-size:39px}.elementor-widget-heading .elementor-heading-title.elementor-size-xxl{font-size:59px}<\/style><h2 class=\"elementor-heading-title elementor-size-default\">NOT\u00cdCIES<\/h2>\t\t<\/div>\n\t\t\t\t<\/div>\n\t\t\t\t\t<\/div>\n\t\t<\/div>\n\t\t\t\t\t\t\t<\/div>\n\t\t<\/section>\n\t\t\t\t<div class=\"elementor-element elementor-element-dc89288 elementor-posts--align-left elementor-grid-3 elementor-grid-tablet-2 elementor-grid-mobile-1 elementor-posts--thumbnail-top elementor-widget elementor-widget-posts\" data-id=\"dc89288\" data-element_type=\"widget\" data-settings=\"{&quot;pagination_type&quot;:&quot;load_more_infinite_scroll&quot;,&quot;classic_columns&quot;:&quot;3&quot;,&quot;classic_columns_tablet&quot;:&quot;2&quot;,&quot;classic_columns_mobile&quot;:&quot;1&quot;,&quot;classic_row_gap&quot;:{&quot;unit&quot;:&quot;px&quot;,&quot;size&quot;:35,&quot;sizes&quot;:[]},&quot;classic_row_gap_tablet&quot;:{&quot;unit&quot;:&quot;px&quot;,&quot;size&quot;:&quot;&quot;,&quot;sizes&quot;:[]},&quot;classic_row_gap_mobile&quot;:{&quot;unit&quot;:&quot;px&quot;,&quot;size&quot;:&quot;&quot;,&quot;sizes&quot;:[]},&quot;load_more_spinner&quot;:{&quot;value&quot;:&quot;fas fa-spinner&quot;,&quot;library&quot;:&quot;fa-solid&quot;}}\" data-widget_type=\"posts.classic\">\n\t\t\t\t<div class=\"elementor-widget-container\">\n\t\t\t<link rel=\"stylesheet\" href=\"https:\/\/greenteam.ufec.cat\/wp-content\/plugins\/elementor-pro\/assets\/css\/widget-posts.min.css\">\t\t<div class=\"elementor-posts-container elementor-posts elementor-posts--skin-classic elementor-grid\">\n\t\t\t\t<article class=\"elementor-post elementor-grid-item post-3975 post type-post status-publish format-standard has-post-thumbnail hentry category-uncategorized-ca\">\n\t\t\t\t<a class=\"elementor-post__thumbnail__link\" href=\"https:\/\/greenteam.ufec.cat\/ca\/2025\/11\/26\/la-ufec-acull-lentrega-dels-premis-sise-del-projecte-europeu-green-team-impulsant-un-esport-mes-sostenible-i-inclusiu\/\" >\n\t\t\t<div class=\"elementor-post__thumbnail\"><img loading=\"lazy\" decoding=\"async\" width=\"2517\" height=\"1498\" src=\"https:\/\/greenteam.ufec.cat\/wp-content\/uploads\/2025\/11\/251126_MD_not3_ufec_foto-scaled-e1764148125224.jpg\" class=\"attachment-full size-full wp-image-3976\" alt=\"\" srcset=\"https:\/\/greenteam.ufec.cat\/wp-content\/uploads\/2025\/11\/251126_MD_not3_ufec_foto-scaled-e1764148125224.jpg 2517w, https:\/\/greenteam.ufec.cat\/wp-content\/uploads\/2025\/11\/251126_MD_not3_ufec_foto-scaled-e1764148125224-300x179.jpg 300w, https:\/\/greenteam.ufec.cat\/wp-content\/uploads\/2025\/11\/251126_MD_not3_ufec_foto-scaled-e1764148125224-1024x609.jpg 1024w, https:\/\/greenteam.ufec.cat\/wp-content\/uploads\/2025\/11\/251126_MD_not3_ufec_foto-scaled-e1764148125224-768x457.jpg 768w, https:\/\/greenteam.ufec.cat\/wp-content\/uploads\/2025\/11\/251126_MD_not3_ufec_foto-scaled-e1764148125224-1536x914.jpg 1536w, https:\/\/greenteam.ufec.cat\/wp-content\/uploads\/2025\/11\/251126_MD_not3_ufec_foto-scaled-e1764148125224-2048x1219.jpg 2048w\" sizes=\"auto, (max-width: 2517px) 100vw, 2517px\" \/><\/div>\n\t\t<\/a>\n\t\t\t\t<div class=\"elementor-post__text\">\n\t\t\t\t<h3 class=\"elementor-post__title\">\n\t\t\t<a href=\"https:\/\/greenteam.ufec.cat\/ca\/2025\/11\/26\/la-ufec-acull-lentrega-dels-premis-sise-del-projecte-europeu-green-team-impulsant-un-esport-mes-sostenible-i-inclusiu\/\" >\n\t\t\t\tLa UFEC acull l\u2019entrega dels Premis SISE del projecte europeu Green Team, impulsant un esport m\u00e9s sostenible i inclusiu\t\t\t<\/a>\n\t\t<\/h3>\n\t\t\t\t<div class=\"elementor-post__meta-data\">\n\t\t\t\t\t<span class=\"elementor-post-date\">\n\t\t\tnovembre 26, 2025\t\t<\/span>\n\t\t\t\t<\/div>\n\t\t\t\t<div class=\"elementor-post__excerpt\">\n\t\t\t<p>La Uni\u00f3 de Federacions Esportives de Catalunya ha acollit l\u2019acte d\u2019entrega dels\u00a0Premis SISE, un dels pilars del projecte europeu\u00a0Green Team, orientat a transformar l\u2019esport en<\/p>\n\t\t<\/div>\n\t\t\t\t\t<div class=\"elementor-post__read-more-wrapper\">\n\t\t\n\t\t<a class=\"elementor-post__read-more\" href=\"https:\/\/greenteam.ufec.cat\/ca\/2025\/11\/26\/la-ufec-acull-lentrega-dels-premis-sise-del-projecte-europeu-green-team-impulsant-un-esport-mes-sostenible-i-inclusiu\/\" aria-label=\"Read more about La UFEC acull l\u2019entrega dels Premis SISE del projecte europeu Green Team, impulsant un esport m\u00e9s sostenible i inclusiu\" >\n\t\t\tLeer m\u00e1s \u00bb\t\t<\/a>\n\n\t\t\t\t\t<\/div>\n\t\t\t\t<\/div>\n\t\t\t\t<\/article>\n\t\t\t\t<article class=\"elementor-post elementor-grid-item post-3953 post type-post status-publish format-standard has-post-thumbnail hentry category-uncategorized-ca\">\n\t\t\t\t<a class=\"elementor-post__thumbnail__link\" href=\"https:\/\/greenteam.ufec.cat\/ca\/2025\/10\/07\/greenteam-impulsa-el-debat-sobre-esport-inclusio-i-sostenibilitat-en-un-seminari-europeu\/\" >\n\t\t\t<div class=\"elementor-post__thumbnail\"><img loading=\"lazy\" decoding=\"async\" width=\"567\" height=\"317\" src=\"https:\/\/greenteam.ufec.cat\/wp-content\/uploads\/2025\/10\/Imagen1.png\" class=\"attachment-full size-full wp-image-3954\" alt=\"\" srcset=\"https:\/\/greenteam.ufec.cat\/wp-content\/uploads\/2025\/10\/Imagen1.png 567w, https:\/\/greenteam.ufec.cat\/wp-content\/uploads\/2025\/10\/Imagen1-300x168.png 300w\" sizes=\"auto, (max-width: 567px) 100vw, 567px\" \/><\/div>\n\t\t<\/a>\n\t\t\t\t<div class=\"elementor-post__text\">\n\t\t\t\t<h3 class=\"elementor-post__title\">\n\t\t\t<a href=\"https:\/\/greenteam.ufec.cat\/ca\/2025\/10\/07\/greenteam-impulsa-el-debat-sobre-esport-inclusio-i-sostenibilitat-en-un-seminari-europeu\/\" >\n\t\t\t\tGreenTeam impulsa el debat sobre esport, inclusi\u00f3 i sostenibilitat en un seminari europeu\t\t\t<\/a>\n\t\t<\/h3>\n\t\t\t\t<div class=\"elementor-post__meta-data\">\n\t\t\t\t\t<span class=\"elementor-post-date\">\n\t\t\toctubre 7, 2025\t\t<\/span>\n\t\t\t\t<\/div>\n\t\t\t\t<div class=\"elementor-post__excerpt\">\n\t\t\t<p>El 26 de setembre s\u2019ha celebrat el seminari en l\u00ednia \u201cEsport, inclusi\u00f3 i sostenibilitat: hist\u00f2ries que inspiren\u201d, una activitat emmarcada dins del projecte europeu GreenTeam,<\/p>\n\t\t<\/div>\n\t\t\t\t\t<div class=\"elementor-post__read-more-wrapper\">\n\t\t\n\t\t<a class=\"elementor-post__read-more\" href=\"https:\/\/greenteam.ufec.cat\/ca\/2025\/10\/07\/greenteam-impulsa-el-debat-sobre-esport-inclusio-i-sostenibilitat-en-un-seminari-europeu\/\" aria-label=\"Read more about GreenTeam impulsa el debat sobre esport, inclusi\u00f3 i sostenibilitat en un seminari europeu\" >\n\t\t\tLeer m\u00e1s \u00bb\t\t<\/a>\n\n\t\t\t\t\t<\/div>\n\t\t\t\t<\/div>\n\t\t\t\t<\/article>\n\t\t\t\t<article class=\"elementor-post elementor-grid-item post-3806 post type-post status-publish format-standard has-post-thumbnail hentry category-uncategorized-ca\">\n\t\t\t\t<a class=\"elementor-post__thumbnail__link\" href=\"https:\/\/greenteam.ufec.cat\/ca\/2025\/06\/30\/playsocial\/\" >\n\t\t\t<div class=\"elementor-post__thumbnail\"><img loading=\"lazy\" decoding=\"async\" width=\"1600\" height=\"900\" src=\"https:\/\/greenteam.ufec.cat\/wp-content\/uploads\/2025\/06\/Foto3-1.jpg\" class=\"attachment-full size-full wp-image-3800\" alt=\"\" srcset=\"https:\/\/greenteam.ufec.cat\/wp-content\/uploads\/2025\/06\/Foto3-1.jpg 1600w, https:\/\/greenteam.ufec.cat\/wp-content\/uploads\/2025\/06\/Foto3-1-300x169.jpg 300w, https:\/\/greenteam.ufec.cat\/wp-content\/uploads\/2025\/06\/Foto3-1-1024x576.jpg 1024w, https:\/\/greenteam.ufec.cat\/wp-content\/uploads\/2025\/06\/Foto3-1-768x432.jpg 768w, https:\/\/greenteam.ufec.cat\/wp-content\/uploads\/2025\/06\/Foto3-1-1536x864.jpg 1536w\" sizes=\"auto, (max-width: 1600px) 100vw, 1600px\" \/><\/div>\n\t\t<\/a>\n\t\t\t\t<div class=\"elementor-post__text\">\n\t\t\t\t<h3 class=\"elementor-post__title\">\n\t\t\t<a href=\"https:\/\/greenteam.ufec.cat\/ca\/2025\/06\/30\/playsocial\/\" >\n\t\t\t\t\ud83d\udcf0 Formaci\u00f3 PLAYSOCIAL a Romania: Esport per a la Inclusi\u00f3 Social i la Sostenibilitat\t\t\t<\/a>\n\t\t<\/h3>\n\t\t\t\t<div class=\"elementor-post__meta-data\">\n\t\t\t\t\t<span class=\"elementor-post-date\">\n\t\t\tjuny 30, 2025\t\t<\/span>\n\t\t\t\t<\/div>\n\t\t\t\t<div class=\"elementor-post__excerpt\">\n\t\t\t<p>El 12 de juny, al Complex Esportiu Nacional Lia Manoliu de Bucarest (Romania), la formaci\u00f3 PLAYSOCIAL va reunir 20 participants de Romania, seleccionats entre m\u00e9s de 40 sol\u00b7licitants que havien completat una fase de formaci\u00f3 en l\u00ednia al maig. A m\u00e9s d&#8217;ells, tamb\u00e9 hi van participar m\u00e9s de 60 representants de federacions nacionals, entrenadors, directius i altres.<\/p>\n\t\t<\/div>\n\t\t\t\t\t<div class=\"elementor-post__read-more-wrapper\">\n\t\t\n\t\t<a class=\"elementor-post__read-more\" href=\"https:\/\/greenteam.ufec.cat\/ca\/2025\/06\/30\/playsocial\/\" aria-label=\"Read more about \ud83d\udcf0 Formaci\u00f3 PLAYSOCIAL a Romania: Esport per a la Inclusi\u00f3 Social i la Sostenibilitat\" >\n\t\t\tLeer m\u00e1s \u00bb\t\t<\/a>\n\n\t\t\t\t\t<\/div>\n\t\t\t\t<\/div>\n\t\t\t\t<\/article>\n\t\t\t\t<article class=\"elementor-post elementor-grid-item post-3776 post type-post status-publish format-standard has-post-thumbnail hentry category-uncategorized-ca\">\n\t\t\t\t<a class=\"elementor-post__thumbnail__link\" href=\"https:\/\/greenteam.ufec.cat\/ca\/2025\/06\/05\/climatica\/\" >\n\t\t\t<div class=\"elementor-post__thumbnail\"><img loading=\"lazy\" decoding=\"async\" width=\"1920\" height=\"1280\" src=\"https:\/\/greenteam.ufec.cat\/wp-content\/uploads\/2025\/06\/pexels-dorothycastillo-2270328-1.jpg\" class=\"attachment-full size-full wp-image-3769\" alt=\"\" srcset=\"https:\/\/greenteam.ufec.cat\/wp-content\/uploads\/2025\/06\/pexels-dorothycastillo-2270328-1.jpg 1920w, https:\/\/greenteam.ufec.cat\/wp-content\/uploads\/2025\/06\/pexels-dorothycastillo-2270328-1-300x200.jpg 300w, https:\/\/greenteam.ufec.cat\/wp-content\/uploads\/2025\/06\/pexels-dorothycastillo-2270328-1-1024x683.jpg 1024w, https:\/\/greenteam.ufec.cat\/wp-content\/uploads\/2025\/06\/pexels-dorothycastillo-2270328-1-768x512.jpg 768w, https:\/\/greenteam.ufec.cat\/wp-content\/uploads\/2025\/06\/pexels-dorothycastillo-2270328-1-1536x1024.jpg 1536w\" sizes=\"auto, (max-width: 1920px) 100vw, 1920px\" \/><\/div>\n\t\t<\/a>\n\t\t\t\t<div class=\"elementor-post__text\">\n\t\t\t\t<h3 class=\"elementor-post__title\">\n\t\t\t<a href=\"https:\/\/greenteam.ufec.cat\/ca\/2025\/06\/05\/climatica\/\" >\n\t\t\t\t\ud83c\udf0d\u00a0Dia Mundial del Medi Ambient: l\u2019esport, clau per a un futur sostenible\t\t\t<\/a>\n\t\t<\/h3>\n\t\t\t\t<div class=\"elementor-post__meta-data\">\n\t\t\t\t\t<span class=\"elementor-post-date\">\n\t\t\tjuny 5, 2025\t\t<\/span>\n\t\t\t\t<\/div>\n\t\t\t\t<div class=\"elementor-post__excerpt\">\n\t\t\t<p>En el&nbsp;Dia Mundial del Medi Ambient, volem posar en valor el paper transformador de l\u2019esport en la lluita contra l\u2019emerg\u00e8ncia clim\u00e0tica. El sector esportiu t\u00e9<\/p>\n\t\t<\/div>\n\t\t\t\t\t<div class=\"elementor-post__read-more-wrapper\">\n\t\t\n\t\t<a class=\"elementor-post__read-more\" href=\"https:\/\/greenteam.ufec.cat\/ca\/2025\/06\/05\/climatica\/\" aria-label=\"Read more about \ud83c\udf0d\u00a0Dia Mundial del Medi Ambient: l\u2019esport, clau per a un futur sostenible\" >\n\t\t\tLeer m\u00e1s \u00bb\t\t<\/a>\n\n\t\t\t\t\t<\/div>\n\t\t\t\t<\/div>\n\t\t\t\t<\/article>\n\t\t\t\t<article class=\"elementor-post elementor-grid-item post-3757 post type-post status-publish format-standard hentry category-uncategorized-ca\">\n\t\t\t\t<div class=\"elementor-post__text\">\n\t\t\t\t<h3 class=\"elementor-post__title\">\n\t\t\t<a href=\"https:\/\/greenteam.ufec.cat\/ca\/2025\/05\/28\/la-ufec-i-el-seu-compromis-mediambiental\/\" >\n\t\t\t\tLa UFEC i el seu comprom\u00eds mediambiental\t\t\t<\/a>\n\t\t<\/h3>\n\t\t\t\t<div class=\"elementor-post__meta-data\">\n\t\t\t\t\t<span class=\"elementor-post-date\">\n\t\t\tmaig 28, 2025\t\t<\/span>\n\t\t\t\t<\/div>\n\t\t\t\t<div class=\"elementor-post__excerpt\">\n\t\t\t<p>La UFEC (Uni\u00f3 de Federacions Esportives de Catalunya), coordinadora del projecte Green Team, ha presentat un curs en l\u00ednia per promoure esdeveniments esportius verds i<\/p>\n\t\t<\/div>\n\t\t\t\t\t<div class=\"elementor-post__read-more-wrapper\">\n\t\t\n\t\t<a class=\"elementor-post__read-more\" href=\"https:\/\/greenteam.ufec.cat\/ca\/2025\/05\/28\/la-ufec-i-el-seu-compromis-mediambiental\/\" aria-label=\"Read more about La UFEC i el seu comprom\u00eds mediambiental\" >\n\t\t\tLeer m\u00e1s \u00bb\t\t<\/a>\n\n\t\t\t\t\t<\/div>\n\t\t\t\t<\/div>\n\t\t\t\t<\/article>\n\t\t\t\t<article class=\"elementor-post elementor-grid-item post-3730 post type-post status-publish format-standard hentry category-uncategorized-ca\">\n\t\t\t\t<div class=\"elementor-post__text\">\n\t\t\t\t<h3 class=\"elementor-post__title\">\n\t\t\t<a href=\"https:\/\/greenteam.ufec.cat\/ca\/2025\/05\/28\/green-team-un-esdeveniment-esportiu-sostenible-i-inclusiu-a-gondomar\/\" >\n\t\t\t\tGreen Team: un esdeveniment esportiu sostenible i inclusiu a Gondomar\t\t\t<\/a>\n\t\t<\/h3>\n\t\t\t\t<div class=\"elementor-post__meta-data\">\n\t\t\t\t\t<span class=\"elementor-post-date\">\n\t\t\tmaig 28, 2025\t\t<\/span>\n\t\t\t\t<\/div>\n\t\t\t\t<div class=\"elementor-post__excerpt\">\n\t\t\t<p>El 4 de desembre de 2024, la Uni\u00e3o de Freguesias de Gondomar, en col\u00b7laboraci\u00f3 amb el club esportiu Ala Nun\u2019\u00c1lvares, va organitzar el primer esdeveniment<\/p>\n\t\t<\/div>\n\t\t\t\t\t<div class=\"elementor-post__read-more-wrapper\">\n\t\t\n\t\t<a class=\"elementor-post__read-more\" href=\"https:\/\/greenteam.ufec.cat\/ca\/2025\/05\/28\/green-team-un-esdeveniment-esportiu-sostenible-i-inclusiu-a-gondomar\/\" aria-label=\"Read more about Green Team: un esdeveniment esportiu sostenible i inclusiu a Gondomar\" >\n\t\t\tLeer m\u00e1s \u00bb\t\t<\/a>\n\n\t\t\t\t\t<\/div>\n\t\t\t\t<\/div>\n\t\t\t\t<\/article>\n\t\t\t\t<article class=\"elementor-post elementor-grid-item post-3664 post type-post status-publish format-standard hentry category-uncategorized-ca\">\n\t\t\t\t<div class=\"elementor-post__text\">\n\t\t\t\t<h3 class=\"elementor-post__title\">\n\t\t\t<a href=\"https:\/\/greenteam.ufec.cat\/ca\/2025\/05\/28\/elementor-3664\/\" >\n\t\t\t\tApreneu a organitzar esdeveniments esportius sostenibles amb el curs en l\u00ednia &#8220;Organitzaci\u00f3 d&#8217;esdeveniments esportius sostenibles i inclusius&#8221; de Green Team!\t\t\t<\/a>\n\t\t<\/h3>\n\t\t\t\t<div class=\"elementor-post__meta-data\">\n\t\t\t\t\t<span class=\"elementor-post-date\">\n\t\t\tmaig 28, 2025\t\t<\/span>\n\t\t\t\t<\/div>\n\t\t\t\t<div class=\"elementor-post__excerpt\">\n\t\t\t<p>Els esdeveniments esportius tenen un paper important a la nostra societat, des de petites activitats a nivell local fins a competicions internacionals a gran escala.<\/p>\n\t\t<\/div>\n\t\t\t\t\t<div class=\"elementor-post__read-more-wrapper\">\n\t\t\n\t\t<a class=\"elementor-post__read-more\" href=\"https:\/\/greenteam.ufec.cat\/ca\/2025\/05\/28\/elementor-3664\/\" aria-label=\"Read more about Apreneu a organitzar esdeveniments esportius sostenibles amb el curs en l\u00ednia &#8220;Organitzaci\u00f3 d&#8217;esdeveniments esportius sostenibles i inclusius&#8221; de Green Team!\" >\n\t\t\tLeer m\u00e1s \u00bb\t\t<\/a>\n\n\t\t\t\t\t<\/div>\n\t\t\t\t<\/div>\n\t\t\t\t<\/article>\n\t\t\t\t<article class=\"elementor-post elementor-grid-item post-3144 post type-post status-publish format-standard has-post-thumbnail hentry category-uncategorized-ca\">\n\t\t\t\t<a class=\"elementor-post__thumbnail__link\" href=\"https:\/\/greenteam.ufec.cat\/ca\/2024\/09\/19\/abordar-els-reptes-del-desenvolupament-sostenible-amb-el-projecte-green-team\/\" >\n\t\t\t<div class=\"elementor-post__thumbnail\"><img loading=\"lazy\" decoding=\"async\" width=\"1280\" height=\"853\" src=\"https:\/\/greenteam.ufec.cat\/wp-content\/uploads\/2024\/09\/action-1850887_1280.jpg\" class=\"attachment-full size-full wp-image-3055\" alt=\"\" srcset=\"https:\/\/greenteam.ufec.cat\/wp-content\/uploads\/2024\/09\/action-1850887_1280.jpg 1280w, https:\/\/greenteam.ufec.cat\/wp-content\/uploads\/2024\/09\/action-1850887_1280-300x200.jpg 300w, https:\/\/greenteam.ufec.cat\/wp-content\/uploads\/2024\/09\/action-1850887_1280-1024x682.jpg 1024w, https:\/\/greenteam.ufec.cat\/wp-content\/uploads\/2024\/09\/action-1850887_1280-768x512.jpg 768w\" sizes=\"auto, (max-width: 1280px) 100vw, 1280px\" \/><\/div>\n\t\t<\/a>\n\t\t\t\t<div class=\"elementor-post__text\">\n\t\t\t\t<h3 class=\"elementor-post__title\">\n\t\t\t<a href=\"https:\/\/greenteam.ufec.cat\/ca\/2024\/09\/19\/abordar-els-reptes-del-desenvolupament-sostenible-amb-el-projecte-green-team\/\" >\n\t\t\t\tAbordar els reptes del desenvolupament sostenible amb el projecte Green Team\t\t\t<\/a>\n\t\t<\/h3>\n\t\t\t\t<div class=\"elementor-post__meta-data\">\n\t\t\t\t\t<span class=\"elementor-post-date\">\n\t\t\tsetembre 19, 2024\t\t<\/span>\n\t\t\t\t<\/div>\n\t\t\t\t<div class=\"elementor-post__excerpt\">\n\t\t\t<p>PER FOMENTAR ESDEVENIMENTS ESPORTIUS SOSTENIBLES I INCLUSIUS En un m\u00f3n on els esdeveniments esportius s\u00f3n la norma, gr\u00e0cies al gran atractiu de les competicions, que<\/p>\n\t\t<\/div>\n\t\t\t\t\t<div class=\"elementor-post__read-more-wrapper\">\n\t\t\n\t\t<a class=\"elementor-post__read-more\" href=\"https:\/\/greenteam.ufec.cat\/ca\/2024\/09\/19\/abordar-els-reptes-del-desenvolupament-sostenible-amb-el-projecte-green-team\/\" aria-label=\"Read more about Abordar els reptes del desenvolupament sostenible amb el projecte Green Team\" >\n\t\t\tLeer m\u00e1s \u00bb\t\t<\/a>\n\n\t\t\t\t\t<\/div>\n\t\t\t\t<\/div>\n\t\t\t\t<\/article>\n\t\t\t\t<article class=\"elementor-post elementor-grid-item post-3140 post type-post status-publish format-standard has-post-thumbnail hentry category-uncategorized-ca\">\n\t\t\t\t<a class=\"elementor-post__thumbnail__link\" href=\"https:\/\/greenteam.ufec.cat\/ca\/2024\/07\/25\/com-reduir-limpacte-ambiental-dels-esdeveniments-esportius\/\" >\n\t\t\t<div class=\"elementor-post__thumbnail\"><img loading=\"lazy\" decoding=\"async\" width=\"1280\" height=\"853\" src=\"https:\/\/greenteam.ufec.cat\/wp-content\/uploads\/2024\/11\/stadium-4760441_1280.jpg\" class=\"attachment-full size-full wp-image-3128\" alt=\"\" srcset=\"https:\/\/greenteam.ufec.cat\/wp-content\/uploads\/2024\/11\/stadium-4760441_1280.jpg 1280w, https:\/\/greenteam.ufec.cat\/wp-content\/uploads\/2024\/11\/stadium-4760441_1280-300x200.jpg 300w, https:\/\/greenteam.ufec.cat\/wp-content\/uploads\/2024\/11\/stadium-4760441_1280-1024x682.jpg 1024w, https:\/\/greenteam.ufec.cat\/wp-content\/uploads\/2024\/11\/stadium-4760441_1280-768x512.jpg 768w\" sizes=\"auto, (max-width: 1280px) 100vw, 1280px\" \/><\/div>\n\t\t<\/a>\n\t\t\t\t<div class=\"elementor-post__text\">\n\t\t\t\t<h3 class=\"elementor-post__title\">\n\t\t\t<a href=\"https:\/\/greenteam.ufec.cat\/ca\/2024\/07\/25\/com-reduir-limpacte-ambiental-dels-esdeveniments-esportius\/\" >\n\t\t\t\tCom reduir l\u2019impacte ambiental dels esdeveniments esportius\t\t\t<\/a>\n\t\t<\/h3>\n\t\t\t\t<div class=\"elementor-post__meta-data\">\n\t\t\t\t\t<span class=\"elementor-post-date\">\n\t\t\tjuliol 25, 2024\t\t<\/span>\n\t\t\t\t<\/div>\n\t\t\t\t<div class=\"elementor-post__excerpt\">\n\t\t\t<p>CAP A ESDEVENIMENTS ESPORTIUS M\u00c9S VERDS I INCLUSIUS M\u00e9s que mai, preservar el medi ambient \u00e9s un repte crucial. Com a for\u00e7a unificadora, el sector<\/p>\n\t\t<\/div>\n\t\t\t\t\t<div class=\"elementor-post__read-more-wrapper\">\n\t\t\n\t\t<a class=\"elementor-post__read-more\" href=\"https:\/\/greenteam.ufec.cat\/ca\/2024\/07\/25\/com-reduir-limpacte-ambiental-dels-esdeveniments-esportius\/\" aria-label=\"Read more about Com reduir l\u2019impacte ambiental dels esdeveniments esportius\" >\n\t\t\tLeer m\u00e1s \u00bb\t\t<\/a>\n\n\t\t\t\t\t<\/div>\n\t\t\t\t<\/div>\n\t\t\t\t<\/article>\n\t\t\t\t<article class=\"elementor-post elementor-grid-item post-2967 post type-post status-publish format-standard has-post-thumbnail hentry category-uncategorized-ca\">\n\t\t\t\t<a class=\"elementor-post__thumbnail__link\" href=\"https:\/\/greenteam.ufec.cat\/ca\/2023\/11\/13\/el-projecte-green-team-presentat-al-congres-nacional-de-lesport-autonomic-de-cufade\/\" >\n\t\t\t<div class=\"elementor-post__thumbnail\"><img loading=\"lazy\" decoding=\"async\" width=\"2500\" height=\"1667\" src=\"https:\/\/greenteam.ufec.cat\/wp-content\/uploads\/2024\/01\/DP9A5327.jpg\" class=\"attachment-full size-full wp-image-2968\" alt=\"\" srcset=\"https:\/\/greenteam.ufec.cat\/wp-content\/uploads\/2024\/01\/DP9A5327.jpg 2500w, https:\/\/greenteam.ufec.cat\/wp-content\/uploads\/2024\/01\/DP9A5327-300x200.jpg 300w, https:\/\/greenteam.ufec.cat\/wp-content\/uploads\/2024\/01\/DP9A5327-1024x683.jpg 1024w, https:\/\/greenteam.ufec.cat\/wp-content\/uploads\/2024\/01\/DP9A5327-768x512.jpg 768w, https:\/\/greenteam.ufec.cat\/wp-content\/uploads\/2024\/01\/DP9A5327-1536x1024.jpg 1536w, https:\/\/greenteam.ufec.cat\/wp-content\/uploads\/2024\/01\/DP9A5327-2048x1366.jpg 2048w\" sizes=\"auto, (max-width: 2500px) 100vw, 2500px\" \/><\/div>\n\t\t<\/a>\n\t\t\t\t<div class=\"elementor-post__text\">\n\t\t\t\t<h3 class=\"elementor-post__title\">\n\t\t\t<a href=\"https:\/\/greenteam.ufec.cat\/ca\/2023\/11\/13\/el-projecte-green-team-presentat-al-congres-nacional-de-lesport-autonomic-de-cufade\/\" >\n\t\t\t\tEl projecte &#8216;Green Team&#8217;, presentat al Congr\u00e9s Nacional de l\u2019Esport Auton\u00f2mic de CUFADE\t\t\t<\/a>\n\t\t<\/h3>\n\t\t\t\t<div class=\"elementor-post__meta-data\">\n\t\t\t\t\t<span class=\"elementor-post-date\">\n\t\t\tnovembre 13, 2023\t\t<\/span>\n\t\t\t\t<\/div>\n\t\t\t\t<div class=\"elementor-post__excerpt\">\n\t\t\t<p>Dissabte 11 de novembre es va celebrar al Palau Euskalduna de Bilbao el&nbsp;II Cong\u00e9s Nacional de l\u2019Esport Auton\u00f2mic, organitzat per&nbsp;CUFADE&nbsp;(Confederaci\u00f3n de Uniones de Federaciones Auton\u00f3micas<\/p>\n\t\t<\/div>\n\t\t\t\t\t<div class=\"elementor-post__read-more-wrapper\">\n\t\t\n\t\t<a class=\"elementor-post__read-more\" href=\"https:\/\/greenteam.ufec.cat\/ca\/2023\/11\/13\/el-projecte-green-team-presentat-al-congres-nacional-de-lesport-autonomic-de-cufade\/\" aria-label=\"Read more about El projecte &#8216;Green Team&#8217;, presentat al Congr\u00e9s Nacional de l\u2019Esport Auton\u00f2mic de CUFADE\" >\n\t\t\tLeer m\u00e1s \u00bb\t\t<\/a>\n\n\t\t\t\t\t<\/div>\n\t\t\t\t<\/div>\n\t\t\t\t<\/article>\n\t\t\t\t<article class=\"elementor-post elementor-grid-item post-2930 post type-post status-publish format-standard has-post-thumbnail hentry category-uncategorized-ca\">\n\t\t\t\t<a class=\"elementor-post__thumbnail__link\" href=\"https:\/\/greenteam.ufec.cat\/ca\/2023\/08\/23\/petit-pas-aps-presenta-el-projecte-green-team-a-alumnes-de-la-facultat-deducacio-fisica\/\" >\n\t\t\t<div class=\"elementor-post__thumbnail\"><img loading=\"lazy\" decoding=\"async\" width=\"2560\" height=\"1920\" src=\"https:\/\/greenteam.ufec.cat\/wp-content\/uploads\/2023\/08\/green-team-1-scaled.jpg\" class=\"attachment-full size-full wp-image-2924\" alt=\"\" srcset=\"https:\/\/greenteam.ufec.cat\/wp-content\/uploads\/2023\/08\/green-team-1-scaled.jpg 2560w, https:\/\/greenteam.ufec.cat\/wp-content\/uploads\/2023\/08\/green-team-1-300x225.jpg 300w, https:\/\/greenteam.ufec.cat\/wp-content\/uploads\/2023\/08\/green-team-1-1024x768.jpg 1024w, https:\/\/greenteam.ufec.cat\/wp-content\/uploads\/2023\/08\/green-team-1-768x576.jpg 768w, https:\/\/greenteam.ufec.cat\/wp-content\/uploads\/2023\/08\/green-team-1-1536x1152.jpg 1536w, https:\/\/greenteam.ufec.cat\/wp-content\/uploads\/2023\/08\/green-team-1-2048x1536.jpg 2048w\" sizes=\"auto, (max-width: 2560px) 100vw, 2560px\" \/><\/div>\n\t\t<\/a>\n\t\t\t\t<div class=\"elementor-post__text\">\n\t\t\t\t<h3 class=\"elementor-post__title\">\n\t\t\t<a href=\"https:\/\/greenteam.ufec.cat\/ca\/2023\/08\/23\/petit-pas-aps-presenta-el-projecte-green-team-a-alumnes-de-la-facultat-deducacio-fisica\/\" >\n\t\t\t\tPetit Pas aps presenta el projecte Green Team a alumnes de la Facultat d&#8217;educaci\u00f3 f\u00edsica\t\t\t<\/a>\n\t\t<\/h3>\n\t\t\t\t<div class=\"elementor-post__meta-data\">\n\t\t\t\t\t<span class=\"elementor-post-date\">\n\t\t\tagost 23, 2023\t\t<\/span>\n\t\t\t\t<\/div>\n\t\t\t\t<div class=\"elementor-post__excerpt\">\n\t\t\t<p>Fabiola Porcelli, membre del Green Team i responsable del projecte de Petit Pas, va presentar el projecte el passat 3 de juliol en un acte<\/p>\n\t\t<\/div>\n\t\t\t\t\t<div class=\"elementor-post__read-more-wrapper\">\n\t\t\n\t\t<a class=\"elementor-post__read-more\" href=\"https:\/\/greenteam.ufec.cat\/ca\/2023\/08\/23\/petit-pas-aps-presenta-el-projecte-green-team-a-alumnes-de-la-facultat-deducacio-fisica\/\" aria-label=\"Read more about Petit Pas aps presenta el projecte Green Team a alumnes de la Facultat d&#8217;educaci\u00f3 f\u00edsica\" >\n\t\t\tLeer m\u00e1s \u00bb\t\t<\/a>\n\n\t\t\t\t\t<\/div>\n\t\t\t\t<\/div>\n\t\t\t\t<\/article>\n\t\t\t\t<article class=\"elementor-post elementor-grid-item post-2908 post type-post status-publish format-standard has-post-thumbnail hentry category-uncategorized-ca\">\n\t\t\t\t<a class=\"elementor-post__thumbnail__link\" href=\"https:\/\/greenteam.ufec.cat\/ca\/2023\/06\/22\/ufec-presenta-el-projecte-green-team-al-camping-la-ballena-alegre\/\" >\n\t\t\t<div class=\"elementor-post__thumbnail\"><img loading=\"lazy\" decoding=\"async\" width=\"1536\" height=\"2048\" src=\"https:\/\/greenteam.ufec.cat\/wp-content\/uploads\/2023\/06\/Camping-La-Ballena.jpg\" class=\"attachment-full size-full wp-image-2977\" alt=\"\" srcset=\"https:\/\/greenteam.ufec.cat\/wp-content\/uploads\/2023\/06\/Camping-La-Ballena.jpg 1536w, https:\/\/greenteam.ufec.cat\/wp-content\/uploads\/2023\/06\/Camping-La-Ballena-225x300.jpg 225w, https:\/\/greenteam.ufec.cat\/wp-content\/uploads\/2023\/06\/Camping-La-Ballena-768x1024.jpg 768w, https:\/\/greenteam.ufec.cat\/wp-content\/uploads\/2023\/06\/Camping-La-Ballena-1152x1536.jpg 1152w\" sizes=\"auto, (max-width: 1536px) 100vw, 1536px\" \/><\/div>\n\t\t<\/a>\n\t\t\t\t<div class=\"elementor-post__text\">\n\t\t\t\t<h3 class=\"elementor-post__title\">\n\t\t\t<a href=\"https:\/\/greenteam.ufec.cat\/ca\/2023\/06\/22\/ufec-presenta-el-projecte-green-team-al-camping-la-ballena-alegre\/\" >\n\t\t\t\tLa UFEC presenta el projecte Green Team al c\u00e0mping La Ballena Alegre\t\t\t<\/a>\n\t\t<\/h3>\n\t\t\t\t<div class=\"elementor-post__meta-data\">\n\t\t\t\t\t<span class=\"elementor-post-date\">\n\t\t\tjuny 22, 2023\t\t<\/span>\n\t\t\t\t<\/div>\n\t\t\t\t<div class=\"elementor-post__excerpt\">\n\t\t\t<p>La UFEC ha viatjat aquesta setmana a Sant Pere Pescador per portar a terme una sessi\u00f3 divulgativa sobre el projecte Green Team, el qual lidera,<\/p>\n\t\t<\/div>\n\t\t\t\t\t<div class=\"elementor-post__read-more-wrapper\">\n\t\t\n\t\t<a class=\"elementor-post__read-more\" href=\"https:\/\/greenteam.ufec.cat\/ca\/2023\/06\/22\/ufec-presenta-el-projecte-green-team-al-camping-la-ballena-alegre\/\" aria-label=\"Read more about La UFEC presenta el projecte Green Team al c\u00e0mping La Ballena Alegre\" >\n\t\t\tLeer m\u00e1s \u00bb\t\t<\/a>\n\n\t\t\t\t\t<\/div>\n\t\t\t\t<\/div>\n\t\t\t\t<\/article>\n\t\t\t\t<article class=\"elementor-post elementor-grid-item post-2722 post type-post status-publish format-standard has-post-thumbnail hentry category-uncategorized-ca\">\n\t\t\t\t<a class=\"elementor-post__thumbnail__link\" href=\"https:\/\/greenteam.ufec.cat\/ca\/2023\/02\/27\/green-team-kick-off\/\" >\n\t\t\t<div class=\"elementor-post__thumbnail\"><img loading=\"lazy\" decoding=\"async\" width=\"1220\" height=\"770\" src=\"https:\/\/greenteam.ufec.cat\/wp-content\/uploads\/2023\/02\/Captura-de-pantalla-2023-03-20-a-las-11.13.58.png\" class=\"attachment-full size-full wp-image-2496\" alt=\"\" srcset=\"https:\/\/greenteam.ufec.cat\/wp-content\/uploads\/2023\/02\/Captura-de-pantalla-2023-03-20-a-las-11.13.58.png 1220w, https:\/\/greenteam.ufec.cat\/wp-content\/uploads\/2023\/02\/Captura-de-pantalla-2023-03-20-a-las-11.13.58-300x189.png 300w, https:\/\/greenteam.ufec.cat\/wp-content\/uploads\/2023\/02\/Captura-de-pantalla-2023-03-20-a-las-11.13.58-1024x646.png 1024w, https:\/\/greenteam.ufec.cat\/wp-content\/uploads\/2023\/02\/Captura-de-pantalla-2023-03-20-a-las-11.13.58-768x485.png 768w\" sizes=\"auto, (max-width: 1220px) 100vw, 1220px\" \/><\/div>\n\t\t<\/a>\n\t\t\t\t<div class=\"elementor-post__text\">\n\t\t\t\t<h3 class=\"elementor-post__title\">\n\t\t\t<a href=\"https:\/\/greenteam.ufec.cat\/ca\/2023\/02\/27\/green-team-kick-off\/\" >\n\t\t\t\tLa UFEC acull el kick off del Green Team project\t\t\t<\/a>\n\t\t<\/h3>\n\t\t\t\t<div class=\"elementor-post__meta-data\">\n\t\t\t\t\t<span class=\"elementor-post-date\">\n\t\t\tfebrer 27, 2023\t\t<\/span>\n\t\t\t\t<\/div>\n\t\t\t\t<div class=\"elementor-post__excerpt\">\n\t\t\t<p>The aim of the programme is to reduce the negative impact and ecological impact on the planet of sporting events. On 6 and 7 February<\/p>\n\t\t<\/div>\n\t\t\t\t\t<div class=\"elementor-post__read-more-wrapper\">\n\t\t\n\t\t<a class=\"elementor-post__read-more\" href=\"https:\/\/greenteam.ufec.cat\/ca\/2023\/02\/27\/green-team-kick-off\/\" aria-label=\"Read more about La UFEC acull el kick off del Green Team project\" >\n\t\t\tLeer m\u00e1s \u00bb\t\t<\/a>\n\n\t\t\t\t\t<\/div>\n\t\t\t\t<\/div>\n\t\t\t\t<\/article>\n\t\t\t\t<\/div>\n\t\t\t\t\t<span class=\"e-load-more-spinner\">\n\t\t\t\t<i aria-hidden=\"true\" class=\"fas fa-spinner\"><\/i>\t\t\t<\/span>\n\t\t\n\t\t\t\t<\/div>\n\t\t\t\t<\/div>\n\t\t\t\t\t<\/div>\n\t\t<\/div>\n\t\t\t\t\t\t\t<\/div>\n\t\t<\/section>\n\t\t\t\t\t\t\t<\/div>\n\t\t","protected":false},"excerpt":{"rendered":"<p>NOT\u00cdCIES<\/p>\n","protected":false},"author":2,"featured_media":0,"parent":0,"menu_order":0,"comment_status":"closed","ping_status":"closed","template":"elementor_header_footer","meta":{"footnotes":""},"class_list":["post-2586","page","type-page","status-publish","hentry"],"yoast_head":"<!-- This site is optimized with the Yoast SEO plugin v20.3 - https:\/\/yoast.com\/wordpress\/plugins\/seo\/ -->\n<title>Not\u00edcies - Green Team<\/title>\n<meta name=\"robots\" content=\"index, follow, max-snippet:-1, max-image-preview:large, max-video-preview:-1\" \/>\n<link rel=\"canonical\" href=\"https:\/\/greenteam.ufec.cat\/ca\/news\/\" \/>\n<meta property=\"og:locale\" content=\"ca_ES\" \/>\n<meta property=\"og:type\" content=\"article\" \/>\n<meta property=\"og:title\" content=\"Not\u00edcies - Green Team\" \/>\n<meta property=\"og:description\" content=\"NOT\u00cdCIES\" \/>\n<meta property=\"og:url\" content=\"https:\/\/greenteam.ufec.cat\/ca\/news\/\" \/>\n<meta property=\"og:site_name\" content=\"Green Team\" \/>\n<meta property=\"article:modified_time\" content=\"2023-03-23T15:11:07+00:00\" \/>\n<meta name=\"twitter:card\" content=\"summary_large_image\" \/>\n<meta name=\"twitter:label1\" content=\"Temps estimat de lectura\" \/>\n\t<meta name=\"twitter:data1\" content=\"1 minut\" \/>\n<script type=\"application\/ld+json\" class=\"yoast-schema-graph\">{\"@context\":\"https:\/\/schema.org\",\"@graph\":[{\"@type\":\"WebPage\",\"@id\":\"https:\/\/greenteam.ufec.cat\/ca\/news\/\",\"url\":\"https:\/\/greenteam.ufec.cat\/ca\/news\/\",\"name\":\"Not\u00edcies - Green Team\",\"isPartOf\":{\"@id\":\"https:\/\/greenteam.ufec.cat\/ca\/#website\"},\"datePublished\":\"2023-03-23T12:42:21+00:00\",\"dateModified\":\"2023-03-23T15:11:07+00:00\",\"breadcrumb\":{\"@id\":\"https:\/\/greenteam.ufec.cat\/ca\/news\/#breadcrumb\"},\"inLanguage\":\"ca\",\"potentialAction\":[{\"@type\":\"ReadAction\",\"target\":[\"https:\/\/greenteam.ufec.cat\/ca\/news\/\"]}]},{\"@type\":\"BreadcrumbList\",\"@id\":\"https:\/\/greenteam.ufec.cat\/ca\/news\/#breadcrumb\",\"itemListElement\":[{\"@type\":\"ListItem\",\"position\":1,\"name\":\"Portada\",\"item\":\"https:\/\/greenteam.ufec.cat\/ca\/\"},{\"@type\":\"ListItem\",\"position\":2,\"name\":\"Not\u00edcies\"}]},{\"@type\":\"WebSite\",\"@id\":\"https:\/\/greenteam.ufec.cat\/ca\/#website\",\"url\":\"https:\/\/greenteam.ufec.cat\/ca\/\",\"name\":\"Green Team\",\"description\":\"Fostering sustainable, eco friendly and inclusive sporting events\",\"publisher\":{\"@id\":\"https:\/\/greenteam.ufec.cat\/ca\/#organization\"},\"potentialAction\":[{\"@type\":\"SearchAction\",\"target\":{\"@type\":\"EntryPoint\",\"urlTemplate\":\"https:\/\/greenteam.ufec.cat\/ca\/?s={search_term_string}\"},\"query-input\":\"required name=search_term_string\"}],\"inLanguage\":\"ca\"},{\"@type\":\"Organization\",\"@id\":\"https:\/\/greenteam.ufec.cat\/ca\/#organization\",\"name\":\"Green Team\",\"url\":\"https:\/\/greenteam.ufec.cat\/ca\/\",\"logo\":{\"@type\":\"ImageObject\",\"inLanguage\":\"ca\",\"@id\":\"https:\/\/greenteam.ufec.cat\/ca\/#\/schema\/logo\/image\/\",\"url\":\"https:\/\/greenteam.ufec.cat\/wp-content\/uploads\/2022\/08\/LOGO-GREEN-TEAM.svg\",\"contentUrl\":\"https:\/\/greenteam.ufec.cat\/wp-content\/uploads\/2022\/08\/LOGO-GREEN-TEAM.svg\",\"width\":1920,\"height\":600,\"caption\":\"Green Team\"},\"image\":{\"@id\":\"https:\/\/greenteam.ufec.cat\/ca\/#\/schema\/logo\/image\/\"}}]}<\/script>\n<!-- \/ Yoast SEO plugin. -->","yoast_head_json":{"title":"Not\u00edcies - Green Team","robots":{"index":"index","follow":"follow","max-snippet":"max-snippet:-1","max-image-preview":"max-image-preview:large","max-video-preview":"max-video-preview:-1"},"canonical":"https:\/\/greenteam.ufec.cat\/ca\/news\/","og_locale":"ca_ES","og_type":"article","og_title":"Not\u00edcies - Green Team","og_description":"NOT\u00cdCIES","og_url":"https:\/\/greenteam.ufec.cat\/ca\/news\/","og_site_name":"Green Team","article_modified_time":"2023-03-23T15:11:07+00:00","twitter_card":"summary_large_image","twitter_misc":{"Temps estimat de lectura":"1 minut"},"schema":{"@context":"https:\/\/schema.org","@graph":[{"@type":"WebPage","@id":"https:\/\/greenteam.ufec.cat\/ca\/news\/","url":"https:\/\/greenteam.ufec.cat\/ca\/news\/","name":"Not\u00edcies - Green Team","isPartOf":{"@id":"https:\/\/greenteam.ufec.cat\/ca\/#website"},"datePublished":"2023-03-23T12:42:21+00:00","dateModified":"2023-03-23T15:11:07+00:00","breadcrumb":{"@id":"https:\/\/greenteam.ufec.cat\/ca\/news\/#breadcrumb"},"inLanguage":"ca","potentialAction":[{"@type":"ReadAction","target":["https:\/\/greenteam.ufec.cat\/ca\/news\/"]}]},{"@type":"BreadcrumbList","@id":"https:\/\/greenteam.ufec.cat\/ca\/news\/#breadcrumb","itemListElement":[{"@type":"ListItem","position":1,"name":"Portada","item":"https:\/\/greenteam.ufec.cat\/ca\/"},{"@type":"ListItem","position":2,"name":"Not\u00edcies"}]},{"@type":"WebSite","@id":"https:\/\/greenteam.ufec.cat\/ca\/#website","url":"https:\/\/greenteam.ufec.cat\/ca\/","name":"Green Team","description":"Fostering sustainable, eco friendly and inclusive sporting events","publisher":{"@id":"https:\/\/greenteam.ufec.cat\/ca\/#organization"},"potentialAction":[{"@type":"SearchAction","target":{"@type":"EntryPoint","urlTemplate":"https:\/\/greenteam.ufec.cat\/ca\/?s={search_term_string}"},"query-input":"required name=search_term_string"}],"inLanguage":"ca"},{"@type":"Organization","@id":"https:\/\/greenteam.ufec.cat\/ca\/#organization","name":"Green Team","url":"https:\/\/greenteam.ufec.cat\/ca\/","logo":{"@type":"ImageObject","inLanguage":"ca","@id":"https:\/\/greenteam.ufec.cat\/ca\/#\/schema\/logo\/image\/","url":"https:\/\/greenteam.ufec.cat\/wp-content\/uploads\/2022\/08\/LOGO-GREEN-TEAM.svg","contentUrl":"https:\/\/greenteam.ufec.cat\/wp-content\/uploads\/2022\/08\/LOGO-GREEN-TEAM.svg","width":1920,"height":600,"caption":"Green Team"},"image":{"@id":"https:\/\/greenteam.ufec.cat\/ca\/#\/schema\/logo\/image\/"}}]}},"_links":{"self":[{"href":"https:\/\/greenteam.ufec.cat\/ca\/wp-json\/wp\/v2\/pages\/2586","targetHints":{"allow":["GET"]}}],"collection":[{"href":"https:\/\/greenteam.ufec.cat\/ca\/wp-json\/wp\/v2\/pages"}],"about":[{"href":"https:\/\/greenteam.ufec.cat\/ca\/wp-json\/wp\/v2\/types\/page"}],"author":[{"embeddable":true,"href":"https:\/\/greenteam.ufec.cat\/ca\/wp-json\/wp\/v2\/users\/2"}],"replies":[{"embeddable":true,"href":"https:\/\/greenteam.ufec.cat\/ca\/wp-json\/wp\/v2\/comments?post=2586"}],"version-history":[{"count":6,"href":"https:\/\/greenteam.ufec.cat\/ca\/wp-json\/wp\/v2\/pages\/2586\/revisions"}],"predecessor-version":[{"id":2700,"href":"https:\/\/greenteam.ufec.cat\/ca\/wp-json\/wp\/v2\/pages\/2586\/revisions\/2700"}],"wp:attachment":[{"href":"https:\/\/greenteam.ufec.cat\/ca\/wp-json\/wp\/v2\/media?parent=2586"}],"curies":[{"name":"wp","href":"https:\/\/api.w.org\/{rel}","templated":true}]}}